{"id":592,"date":"2012-04-09T06:38:21","date_gmt":"2012-04-09T04:38:21","guid":{"rendered":"http:\/\/meelis.raume.eu\/?page_id=592"},"modified":"2012-04-26T05:32:14","modified_gmt":"2012-04-26T03:32:14","slug":"kuala-lumpur-bandar-seri-begawan-kota-kinabalu-sandakan","status":"publish","type":"page","link":"https:\/\/meelis.raume.eu\/?page_id=592","title":{"rendered":"Kuala Lumpur &#8211; Bandar Seri Begawan (Brunei) &#8211; Kota Kinabalu &#8211; Sandakan &#8211; Kota Kinabalu"},"content":{"rendered":"<p>No nii oma jutuga l\u00e4ksime lahku Teiega Kuala Lumpuri lennuv\u00e4ljal! See oli p\u00e4ris raske \u00f6\u00f6 aga \u00fcle elasime.<\/p>\n<div id=\"attachment_714\" style=\"width: 650px\" class=\"wp-caption aligncenter\"><a href=\"http:\/\/meelis.raume.eu\/?attachment_id=714\" rel=\"attachment wp-att-714\"><img loading=\"lazy\" decoding=\"async\" aria-describedby=\"caption-attachment-714\" class=\"size-large wp-image-714\" title=\"2012-04-18 02.14.29\" src=\"http:\/\/meelis.raume.eu\/wp-content\/uploads\/2012\/04\/2012-04-18-02.14.29-1024x768.jpg\" alt=\"\" width=\"640\" height=\"480\" srcset=\"https:\/\/meelis.raume.eu\/wp-content\/uploads\/2012\/04\/2012-04-18-02.14.29-1024x768.jpg 1024w, https:\/\/meelis.raume.eu\/wp-content\/uploads\/2012\/04\/2012-04-18-02.14.29-300x225.jpg 300w\" sizes=\"auto, (max-width: 640px) 100vw, 640px\" \/><\/a><p id=\"caption-attachment-714\" class=\"wp-caption-text\">KL lennujaamas!<\/p><\/div>\n<p>Ega see lennukis magamine just l\u00f5bus ei ole &#8211; hiljem kael kange ja liikmed valutavad! Kuid pidime selle \u00f6\u00f6 seal lennujaamas veetma sest j\u00f5udsime KL lennujaama ju ca 22 \u00f5htul ja kell 6 l\u00e4ks lend hommikul! 1,5 tundi peab varem kohal olema siis ei olnud m\u00f5ttekas samuti hotelli peale m\u00f5elda kusjuures linn ise asub 70 km kaugusel. 20 km raadiuses oleks leidnud sobiva hinnaga hotelle kuid 3-4 tunniks hotelli minna ei olnud m\u00f5tet &#8211; lihtsalt ajakulu juba! Lendasime panga lennukiga Brunei-sse &#8211; naljaga pooleks!<\/p>\n<div id=\"attachment_715\" style=\"width: 650px\" class=\"wp-caption aligncenter\"><a href=\"http:\/\/meelis.raume.eu\/?attachment_id=715\" rel=\"attachment wp-att-715\"><img loading=\"lazy\" decoding=\"async\" aria-describedby=\"caption-attachment-715\" class=\"size-large wp-image-715\" title=\"SANYO DIGITAL CAMERA\" src=\"http:\/\/meelis.raume.eu\/wp-content\/uploads\/2012\/04\/SANY0048-1024x768.jpg\" alt=\"\" width=\"640\" height=\"480\" srcset=\"https:\/\/meelis.raume.eu\/wp-content\/uploads\/2012\/04\/SANY0048-1024x768.jpg 1024w, https:\/\/meelis.raume.eu\/wp-content\/uploads\/2012\/04\/SANY0048-300x225.jpg 300w\" sizes=\"auto, (max-width: 640px) 100vw, 640px\" \/><\/a><p id=\"caption-attachment-715\" class=\"wp-caption-text\">Meil oli oma pangalennuk s\u00f5iduka Bruneisse!<\/p><\/div>\n<p>Lend kestis 2,5 tundi ja sellest tunnikese sain samuti ennast kangeks tukkuda.<\/p>\n<div id=\"attachment_719\" style=\"width: 650px\" class=\"wp-caption aligncenter\"><a href=\"http:\/\/meelis.raume.eu\/?attachment_id=719\" rel=\"attachment wp-att-719\"><img loading=\"lazy\" decoding=\"async\" aria-describedby=\"caption-attachment-719\" class=\"size-large wp-image-719\" title=\"DSC09157\" src=\"http:\/\/meelis.raume.eu\/wp-content\/uploads\/2012\/04\/DSC09157-1024x576.jpg\" alt=\"\" width=\"640\" height=\"360\" srcset=\"https:\/\/meelis.raume.eu\/wp-content\/uploads\/2012\/04\/DSC09157-1024x576.jpg 1024w, https:\/\/meelis.raume.eu\/wp-content\/uploads\/2012\/04\/DSC09157-300x168.jpg 300w\" sizes=\"auto, (max-width: 640px) 100vw, 640px\" \/><\/a><p id=\"caption-attachment-719\" class=\"wp-caption-text\">Meie pangabussi stjuardessidega!<\/p><\/div>\n<p>Sultaniriik tervitas nagu ikka +32 kraadise soojusega ja lisapaberite t\u00e4itmisega piiril.<\/p>\n<div id=\"attachment_716\" style=\"width: 650px\" class=\"wp-caption aligncenter\"><a href=\"http:\/\/meelis.raume.eu\/?attachment_id=716\" rel=\"attachment wp-att-716\"><img loading=\"lazy\" decoding=\"async\" aria-describedby=\"caption-attachment-716\" class=\"size-large wp-image-716\" title=\"2012-04-18 10.34.48\" src=\"http:\/\/meelis.raume.eu\/wp-content\/uploads\/2012\/04\/2012-04-18-10.34.48-768x1024.jpg\" alt=\"\" width=\"640\" height=\"853\" srcset=\"https:\/\/meelis.raume.eu\/wp-content\/uploads\/2012\/04\/2012-04-18-10.34.48-768x1024.jpg 768w, https:\/\/meelis.raume.eu\/wp-content\/uploads\/2012\/04\/2012-04-18-10.34.48-225x300.jpg 225w\" sizes=\"auto, (max-width: 640px) 100vw, 640px\" \/><\/a><p id=\"caption-attachment-716\" class=\"wp-caption-text\">Brunei dollarid!<\/p><\/div>\n<p>K\u00f5ik laabus ilusti ja imestati, et nii l\u00fchikeseks ajaks sinna tuleme. S\u00f5itsime bussiga linna kui neid s\u00f5iduriistu \u00fcldse bussiks pidada saab! V\u00e4ikesed, mustad, kolisesid ja m\u00fcrisesid kuid v\u00e4ljast nii koledad ei olnudki.<\/p>\n<div id=\"attachment_717\" style=\"width: 650px\" class=\"wp-caption aligncenter\"><a href=\"http:\/\/meelis.raume.eu\/?attachment_id=717\" rel=\"attachment wp-att-717\"><img loading=\"lazy\" decoding=\"async\" aria-describedby=\"caption-attachment-717\" class=\"size-large wp-image-717\" title=\"2012-04-18 10.51.49\" src=\"http:\/\/meelis.raume.eu\/wp-content\/uploads\/2012\/04\/2012-04-18-10.51.49-1024x768.jpg\" alt=\"\" width=\"640\" height=\"480\" srcset=\"https:\/\/meelis.raume.eu\/wp-content\/uploads\/2012\/04\/2012-04-18-10.51.49-1024x768.jpg 1024w, https:\/\/meelis.raume.eu\/wp-content\/uploads\/2012\/04\/2012-04-18-10.51.49-300x225.jpg 300w\" sizes=\"auto, (max-width: 640px) 100vw, 640px\" \/><\/a><p id=\"caption-attachment-717\" class=\"wp-caption-text\">Buss seest!<\/p><\/div>\n<div id=\"attachment_718\" style=\"width: 650px\" class=\"wp-caption aligncenter\"><a href=\"http:\/\/meelis.raume.eu\/?attachment_id=718\" rel=\"attachment wp-att-718\"><img loading=\"lazy\" decoding=\"async\" aria-describedby=\"caption-attachment-718\" class=\"size-large wp-image-718\" title=\"2012-04-19 08.11.08\" src=\"http:\/\/meelis.raume.eu\/wp-content\/uploads\/2012\/04\/2012-04-19-08.11.08-1024x768.jpg\" alt=\"\" width=\"640\" height=\"480\" srcset=\"https:\/\/meelis.raume.eu\/wp-content\/uploads\/2012\/04\/2012-04-19-08.11.08-1024x768.jpg 1024w, https:\/\/meelis.raume.eu\/wp-content\/uploads\/2012\/04\/2012-04-19-08.11.08-300x225.jpg 300w\" sizes=\"auto, (max-width: 640px) 100vw, 640px\" \/><\/a><p id=\"caption-attachment-718\" class=\"wp-caption-text\">Buss v\u00e4ljast!<\/p><\/div>\n<p>Brunei riik on segu vaesusest ja rikkusest. K\u00fctuse hind n\u00e4iteks diisli puhul 0,18 eurosenti ja bensiini puhul 0,28 eurosenti liiter. N\u00fc\u00fcd m\u00f5elge mis meil k\u00fctus maksab &#8211; siin v\u00f5ita s\u00f5ita lolliks ennast ja paagi paned t\u00e4is ainult sellep\u00e4rast, et lihtsalt auto koha peal k\u00e4ib ja konditsioneer t\u00f6\u00f6taks!<\/p>\n<div id=\"attachment_720\" style=\"width: 650px\" class=\"wp-caption aligncenter\"><a href=\"http:\/\/meelis.raume.eu\/?attachment_id=720\" rel=\"attachment wp-att-720\"><img loading=\"lazy\" decoding=\"async\" aria-describedby=\"caption-attachment-720\" class=\"size-large wp-image-720\" title=\"SANYO DIGITAL CAMERA\" src=\"http:\/\/meelis.raume.eu\/wp-content\/uploads\/2012\/04\/SANY0044-1024x768.jpg\" alt=\"\" width=\"640\" height=\"480\" srcset=\"https:\/\/meelis.raume.eu\/wp-content\/uploads\/2012\/04\/SANY0044-1024x768.jpg 1024w, https:\/\/meelis.raume.eu\/wp-content\/uploads\/2012\/04\/SANY0044-300x225.jpg 300w\" sizes=\"auto, (max-width: 640px) 100vw, 640px\" \/><\/a><p id=\"caption-attachment-720\" class=\"wp-caption-text\">Vaesus rikkus k\u00f5rvuti (vaesus j\u00f5e peal ja rikkus taamal)!<\/p><\/div>\n<p>Kogu rikkus tuleb nafta ja gaasi pumpamisest millest tegelikult kasu saavad ainult inimesed, kes sellega otseselt tegelevad.<\/p>\n<div id=\"attachment_721\" style=\"width: 650px\" class=\"wp-caption aligncenter\"><a href=\"http:\/\/meelis.raume.eu\/?attachment_id=721\" rel=\"attachment wp-att-721\"><img loading=\"lazy\" decoding=\"async\" aria-describedby=\"caption-attachment-721\" class=\"size-large wp-image-721\" title=\"2012-04-18 16.49.44\" src=\"http:\/\/meelis.raume.eu\/wp-content\/uploads\/2012\/04\/2012-04-18-16.49.44-1024x768.jpg\" alt=\"\" width=\"640\" height=\"480\" srcset=\"https:\/\/meelis.raume.eu\/wp-content\/uploads\/2012\/04\/2012-04-18-16.49.44-1024x768.jpg 1024w, https:\/\/meelis.raume.eu\/wp-content\/uploads\/2012\/04\/2012-04-18-16.49.44-300x225.jpg 300w\" sizes=\"auto, (max-width: 640px) 100vw, 640px\" \/><\/a><p id=\"caption-attachment-721\" class=\"wp-caption-text\">Nafta ja gaasitulud peegelduvad majades!<\/p><\/div>\n<p>Brunei riik on \u00fcks maailma rikkamaist riikidest kui arvestada SKP-d \u00fche inimese kohta, kuid siiski on seal vaesus v\u00e4gagi n\u00e4htav. Linn j\u00e4lle piinlikult puhtaks roogitud v\u00e4lja arvatud vaeste piirkonnad.<\/p>\n<div id=\"attachment_722\" style=\"width: 650px\" class=\"wp-caption aligncenter\"><a href=\"http:\/\/meelis.raume.eu\/?attachment_id=722\" rel=\"attachment wp-att-722\"><img loading=\"lazy\" decoding=\"async\" aria-describedby=\"caption-attachment-722\" class=\"size-large wp-image-722\" title=\"2012-04-18 16.54.14\" src=\"http:\/\/meelis.raume.eu\/wp-content\/uploads\/2012\/04\/2012-04-18-16.54.14-1024x768.jpg\" alt=\"\" width=\"640\" height=\"480\" srcset=\"https:\/\/meelis.raume.eu\/wp-content\/uploads\/2012\/04\/2012-04-18-16.54.14-1024x768.jpg 1024w, https:\/\/meelis.raume.eu\/wp-content\/uploads\/2012\/04\/2012-04-18-16.54.14-300x225.jpg 300w\" sizes=\"auto, (max-width: 640px) 100vw, 640px\" \/><\/a><p id=\"caption-attachment-722\" class=\"wp-caption-text\">Mo\u0161ee!<\/p><\/div>\n<div id=\"attachment_723\" style=\"width: 650px\" class=\"wp-caption aligncenter\"><a href=\"http:\/\/meelis.raume.eu\/?attachment_id=723\" rel=\"attachment wp-att-723\"><img loading=\"lazy\" decoding=\"async\" aria-describedby=\"caption-attachment-723\" class=\"size-large wp-image-723\" title=\"2012-04-18 17.11.18\" src=\"http:\/\/meelis.raume.eu\/wp-content\/uploads\/2012\/04\/2012-04-18-17.11.18-768x1024.jpg\" alt=\"\" width=\"640\" height=\"853\" srcset=\"https:\/\/meelis.raume.eu\/wp-content\/uploads\/2012\/04\/2012-04-18-17.11.18-768x1024.jpg 768w, https:\/\/meelis.raume.eu\/wp-content\/uploads\/2012\/04\/2012-04-18-17.11.18-225x300.jpg 225w\" sizes=\"auto, (max-width: 640px) 100vw, 640px\" \/><\/a><p id=\"caption-attachment-723\" class=\"wp-caption-text\">K\u00fclastasime mo\u0161eed samuti seest kuid ennem seda tuli sellised h\u00f5lstid selga ajada!<\/p><\/div>\n<p>Vaeste elu k\u00e4ib j\u00f5e peal kus nad elavad, s\u00f6\u00f6vad ja magavad. Isegi koolid on vaiade peal ja tulet\u00f5rje samuti!<\/p>\n<div id=\"attachment_726\" style=\"width: 650px\" class=\"wp-caption aligncenter\"><a href=\"http:\/\/meelis.raume.eu\/?attachment_id=726\" rel=\"attachment wp-att-726\"><img loading=\"lazy\" decoding=\"async\" aria-describedby=\"caption-attachment-726\" class=\"size-large wp-image-726\" title=\"20120418_180209\" src=\"http:\/\/meelis.raume.eu\/wp-content\/uploads\/2012\/04\/20120418_180209-1024x768.jpg\" alt=\"\" width=\"640\" height=\"480\" srcset=\"https:\/\/meelis.raume.eu\/wp-content\/uploads\/2012\/04\/20120418_180209-1024x768.jpg 1024w, https:\/\/meelis.raume.eu\/wp-content\/uploads\/2012\/04\/20120418_180209-300x225.jpg 300w, https:\/\/meelis.raume.eu\/wp-content\/uploads\/2012\/04\/20120418_180209.jpg 1600w\" sizes=\"auto, (max-width: 640px) 100vw, 640px\" \/><\/a><p id=\"caption-attachment-726\" class=\"wp-caption-text\">Paadisafari j\u00f5el (koahlikus village-s)!<\/p><\/div>\n<div id=\"attachment_727\" style=\"width: 650px\" class=\"wp-caption aligncenter\"><a href=\"http:\/\/meelis.raume.eu\/?attachment_id=727\" rel=\"attachment wp-att-727\"><img loading=\"lazy\" decoding=\"async\" aria-describedby=\"caption-attachment-727\" class=\"size-large wp-image-727\" title=\"20120418_181211\" src=\"http:\/\/meelis.raume.eu\/wp-content\/uploads\/2012\/04\/20120418_181211-1024x768.jpg\" alt=\"\" width=\"640\" height=\"480\" srcset=\"https:\/\/meelis.raume.eu\/wp-content\/uploads\/2012\/04\/20120418_181211-1024x768.jpg 1024w, https:\/\/meelis.raume.eu\/wp-content\/uploads\/2012\/04\/20120418_181211-300x225.jpg 300w\" sizes=\"auto, (max-width: 640px) 100vw, 640px\" \/><\/a><p id=\"caption-attachment-727\" class=\"wp-caption-text\">K\u00fcla j\u00f5e peal!!<\/p><\/div>\n<div id=\"attachment_724\" style=\"width: 650px\" class=\"wp-caption aligncenter\"><a href=\"http:\/\/meelis.raume.eu\/?attachment_id=724\" rel=\"attachment wp-att-724\"><img loading=\"lazy\" decoding=\"async\" aria-describedby=\"caption-attachment-724\" class=\"size-large wp-image-724\" title=\"20120418_180331\" src=\"http:\/\/meelis.raume.eu\/wp-content\/uploads\/2012\/04\/20120418_180331-1024x768.jpg\" alt=\"\" width=\"640\" height=\"480\" srcset=\"https:\/\/meelis.raume.eu\/wp-content\/uploads\/2012\/04\/20120418_180331-1024x768.jpg 1024w, https:\/\/meelis.raume.eu\/wp-content\/uploads\/2012\/04\/20120418_180331-300x225.jpg 300w\" sizes=\"auto, (max-width: 640px) 100vw, 640px\" \/><\/a><p id=\"caption-attachment-724\" class=\"wp-caption-text\">Maja k\u00fclas!<\/p><\/div>\n<div id=\"attachment_725\" style=\"width: 650px\" class=\"wp-caption aligncenter\"><a href=\"http:\/\/meelis.raume.eu\/?attachment_id=725\" rel=\"attachment wp-att-725\"><img loading=\"lazy\" decoding=\"async\" aria-describedby=\"caption-attachment-725\" class=\"size-large wp-image-725\" title=\"20120418_180954\" src=\"http:\/\/meelis.raume.eu\/wp-content\/uploads\/2012\/04\/20120418_180954-1024x768.jpg\" alt=\"\" width=\"640\" height=\"480\" srcset=\"https:\/\/meelis.raume.eu\/wp-content\/uploads\/2012\/04\/20120418_180954-1024x768.jpg 1024w, https:\/\/meelis.raume.eu\/wp-content\/uploads\/2012\/04\/20120418_180954-300x225.jpg 300w\" sizes=\"auto, (max-width: 640px) 100vw, 640px\" \/><\/a><p id=\"caption-attachment-725\" class=\"wp-caption-text\">Kool j\u00f5e peal!<\/p><\/div>\n<p>Uhked mo\u0161eed ja veel uhkem Tema Majesteedi residents, mis laiub mitme kilomeetrilisel maalal j\u00f5e \u00e4\u00e4res.<\/p>\n<div id=\"attachment_731\" style=\"width: 650px\" class=\"wp-caption aligncenter\"><a href=\"http:\/\/meelis.raume.eu\/?attachment_id=731\" rel=\"attachment wp-att-731\"><img loading=\"lazy\" decoding=\"async\" aria-describedby=\"caption-attachment-731\" class=\"size-large wp-image-731\" title=\"SANYO DIGITAL CAMERA\" src=\"http:\/\/meelis.raume.eu\/wp-content\/uploads\/2012\/04\/SANY0046-1024x768.jpg\" alt=\"\" width=\"640\" height=\"480\" srcset=\"https:\/\/meelis.raume.eu\/wp-content\/uploads\/2012\/04\/SANY0046-1024x768.jpg 1024w, https:\/\/meelis.raume.eu\/wp-content\/uploads\/2012\/04\/SANY0046-300x225.jpg 300w\" sizes=\"auto, (max-width: 640px) 100vw, 640px\" \/><\/a><p id=\"caption-attachment-731\" class=\"wp-caption-text\">Tema Majesteedi residentsi sisses\u00f5idu v\u00e4ravad!<\/p><\/div>\n<div id=\"attachment_730\" style=\"width: 650px\" class=\"wp-caption aligncenter\"><a href=\"http:\/\/meelis.raume.eu\/?attachment_id=730\" rel=\"attachment wp-att-730\"><img loading=\"lazy\" decoding=\"async\" aria-describedby=\"caption-attachment-730\" class=\"size-large wp-image-730\" title=\"SANYO DIGITAL CAMERA\" src=\"http:\/\/meelis.raume.eu\/wp-content\/uploads\/2012\/04\/SANY0050-1024x768.jpg\" alt=\"\" width=\"640\" height=\"480\" srcset=\"https:\/\/meelis.raume.eu\/wp-content\/uploads\/2012\/04\/SANY0050-1024x768.jpg 1024w, https:\/\/meelis.raume.eu\/wp-content\/uploads\/2012\/04\/SANY0050-300x225.jpg 300w\" sizes=\"auto, (max-width: 640px) 100vw, 640px\" \/><\/a><p id=\"caption-attachment-730\" class=\"wp-caption-text\">Mina Tema Majesteedi valduste k\u00f5rval (riigi kontuur)!<\/p><\/div>\n<div id=\"attachment_729\" style=\"width: 650px\" class=\"wp-caption aligncenter\"><a href=\"http:\/\/meelis.raume.eu\/?attachment_id=729\" rel=\"attachment wp-att-729\"><img loading=\"lazy\" decoding=\"async\" aria-describedby=\"caption-attachment-729\" class=\"size-large wp-image-729\" title=\"SANYO DIGITAL CAMERA\" src=\"http:\/\/meelis.raume.eu\/wp-content\/uploads\/2012\/04\/SANY0049-1024x768.jpg\" alt=\"\" width=\"640\" height=\"480\" srcset=\"https:\/\/meelis.raume.eu\/wp-content\/uploads\/2012\/04\/SANY0049-1024x768.jpg 1024w, https:\/\/meelis.raume.eu\/wp-content\/uploads\/2012\/04\/SANY0049-300x225.jpg 300w\" sizes=\"auto, (max-width: 640px) 100vw, 640px\" \/><\/a><p id=\"caption-attachment-729\" class=\"wp-caption-text\">V\u00e4ravate vahelt sisse piilumine!<\/p><\/div>\n<div id=\"attachment_728\" style=\"width: 650px\" class=\"wp-caption aligncenter\"><a href=\"http:\/\/meelis.raume.eu\/?attachment_id=728\" rel=\"attachment wp-att-728\"><img loading=\"lazy\" decoding=\"async\" aria-describedby=\"caption-attachment-728\" class=\"size-large wp-image-728\" title=\"SANYO DIGITAL CAMERA\" src=\"http:\/\/meelis.raume.eu\/wp-content\/uploads\/2012\/04\/SANY0064-1024x768.jpg\" alt=\"\" width=\"640\" height=\"480\" srcset=\"https:\/\/meelis.raume.eu\/wp-content\/uploads\/2012\/04\/SANY0064-1024x768.jpg 1024w, https:\/\/meelis.raume.eu\/wp-content\/uploads\/2012\/04\/SANY0064-300x225.jpg 300w\" sizes=\"auto, (max-width: 640px) 100vw, 640px\" \/><\/a><p id=\"caption-attachment-728\" class=\"wp-caption-text\">Vaade kaugemalt Tema Majesteedi residentsi!<\/p><\/div>\n<div id=\"attachment_732\" style=\"width: 650px\" class=\"wp-caption aligncenter\"><a href=\"http:\/\/meelis.raume.eu\/?attachment_id=732\" rel=\"attachment wp-att-732\"><img loading=\"lazy\" decoding=\"async\" aria-describedby=\"caption-attachment-732\" class=\"size-large wp-image-732\" title=\"2012-04-18 16.23.01\" src=\"http:\/\/meelis.raume.eu\/wp-content\/uploads\/2012\/04\/2012-04-18-16.23.01-1024x768.jpg\" alt=\"\" width=\"640\" height=\"480\" srcset=\"https:\/\/meelis.raume.eu\/wp-content\/uploads\/2012\/04\/2012-04-18-16.23.01-1024x768.jpg 1024w, https:\/\/meelis.raume.eu\/wp-content\/uploads\/2012\/04\/2012-04-18-16.23.01-300x225.jpg 300w\" sizes=\"auto, (max-width: 640px) 100vw, 640px\" \/><\/a><p id=\"caption-attachment-732\" class=\"wp-caption-text\">Mina Tema Majesteedi residentsi kupli kallal!<\/p><\/div>\n<p>Samuti on uhked klaasmajad pangadusega ja nafta ning \u00f5liga seotud firmadel. Inimesed nagu k\u00f5ikjal Malaysias ja samuti Bruneis on v\u00e4ga lahked ja viisakad. K\u00f5rtsus hakkas nats juba pinda k\u00e4ima kui iga asja j\u00e4rel \u00f6eldi Sulle &#8220;Excuse me&#8221;.<\/p>\n<div id=\"attachment_733\" style=\"width: 650px\" class=\"wp-caption aligncenter\"><a href=\"http:\/\/meelis.raume.eu\/?attachment_id=733\" rel=\"attachment wp-att-733\"><img loading=\"lazy\" decoding=\"async\" aria-describedby=\"caption-attachment-733\" class=\"size-large wp-image-733\" title=\"20120418_183522\" src=\"http:\/\/meelis.raume.eu\/wp-content\/uploads\/2012\/04\/20120418_183522-1024x768.jpg\" alt=\"\" width=\"640\" height=\"480\" srcset=\"https:\/\/meelis.raume.eu\/wp-content\/uploads\/2012\/04\/20120418_183522-1024x768.jpg 1024w, https:\/\/meelis.raume.eu\/wp-content\/uploads\/2012\/04\/20120418_183522-300x225.jpg 300w\" sizes=\"auto, (max-width: 640px) 100vw, 640px\" \/><\/a><p id=\"caption-attachment-733\" class=\"wp-caption-text\">P\u00e4ikeseloojang Brunei pealinnas (Bandar Seri Begawan)!<\/p><\/div>\n<div id=\"attachment_734\" style=\"width: 650px\" class=\"wp-caption aligncenter\"><a href=\"http:\/\/meelis.raume.eu\/?attachment_id=734\" rel=\"attachment wp-att-734\"><img loading=\"lazy\" decoding=\"async\" aria-describedby=\"caption-attachment-734\" class=\"size-large wp-image-734\" title=\"20120418_202230\" src=\"http:\/\/meelis.raume.eu\/wp-content\/uploads\/2012\/04\/20120418_202230-1024x768.jpg\" alt=\"\" width=\"640\" height=\"480\" srcset=\"https:\/\/meelis.raume.eu\/wp-content\/uploads\/2012\/04\/20120418_202230-1024x768.jpg 1024w, https:\/\/meelis.raume.eu\/wp-content\/uploads\/2012\/04\/20120418_202230-300x225.jpg 300w\" sizes=\"auto, (max-width: 640px) 100vw, 640px\" \/><\/a><p id=\"caption-attachment-734\" class=\"wp-caption-text\">Seekord otsustasime euroopaliku \u00f5htus\u00fc\u00fcgi kasuks! Panni pizza!<\/p><\/div>\n<p>Brunei riik ise on kaheks eraldatud mida eraldab Malaysia riik. Kahe Brunei osariigi vahel oli kuskil 40 mintsi bussis\u00f5itu st, et kuskil ca 60-70 km. Kui l\u00e4hed \u00fchest osariigist teise siis tuleb l\u00e4bida k\u00f5ik passiga seotud protseduurid! Samuti on passikontroll kahe Malaysia osariigi vahel milleks on Sarawak ja Sabah. Sabah teatavasti liitus alles Malaysia riigiga m\u00f6\u00f6dunud sajandi 80-date keskel. Osariigi pealinnaks ongi Kota Kinabalu kus elab ca 620 tuhat elanikku. Rahvastik koosneb ligi 50 rahvusest. Nii palju on sellep\u00e4rast, et siin on v\u00e4ga palju h\u00f5ime ehk endised inims\u00f6\u00f6jad kes elasid killustatult ja omasid oma keelt nagu meil nt V\u00f5ru keel ja P\u00f5hja Eesti keel. Teatavasti s\u00f5itsime me bussiga Bruneist Kota Kinabalu-sse. Hommikul kell 8.00 v\u00e4ljus buss BSB-st (Bandar Seri Begawan) ja KK-sse (Kota Kinabalu) j\u00f5udis kell 17.30 ehk \u00fcle 10 tunni istusime bussis, kuid n\u00e4gime v\u00e4ga palju bussiaknast!<\/p>\n<div id=\"attachment_735\" style=\"width: 650px\" class=\"wp-caption aligncenter\"><a href=\"http:\/\/meelis.raume.eu\/?attachment_id=735\" rel=\"attachment wp-att-735\"><img loading=\"lazy\" decoding=\"async\" aria-describedby=\"caption-attachment-735\" class=\"size-large wp-image-735\" title=\"SANYO DIGITAL CAMERA\" src=\"http:\/\/meelis.raume.eu\/wp-content\/uploads\/2012\/04\/SANY0126-1024x768.jpg\" alt=\"\" width=\"640\" height=\"480\" srcset=\"https:\/\/meelis.raume.eu\/wp-content\/uploads\/2012\/04\/SANY0126-1024x768.jpg 1024w, https:\/\/meelis.raume.eu\/wp-content\/uploads\/2012\/04\/SANY0126-300x225.jpg 300w\" sizes=\"auto, (max-width: 640px) 100vw, 640px\" \/><\/a><p id=\"caption-attachment-735\" class=\"wp-caption-text\">Meie buss v\u00e4ljast (bussijuhiga)!<\/p><\/div>\n<div id=\"attachment_740\" style=\"width: 650px\" class=\"wp-caption aligncenter\"><a href=\"http:\/\/meelis.raume.eu\/?attachment_id=740\" rel=\"attachment wp-att-740\"><img loading=\"lazy\" decoding=\"async\" aria-describedby=\"caption-attachment-740\" class=\"size-large wp-image-740\" title=\"2012-04-19 11.25.57\" src=\"http:\/\/meelis.raume.eu\/wp-content\/uploads\/2012\/04\/2012-04-19-11.25.57-1024x768.jpg\" alt=\"\" width=\"640\" height=\"480\" srcset=\"https:\/\/meelis.raume.eu\/wp-content\/uploads\/2012\/04\/2012-04-19-11.25.57-1024x768.jpg 1024w, https:\/\/meelis.raume.eu\/wp-content\/uploads\/2012\/04\/2012-04-19-11.25.57-300x225.jpg 300w\" sizes=\"auto, (max-width: 640px) 100vw, 640px\" \/><\/a><p id=\"caption-attachment-740\" class=\"wp-caption-text\">Buss seest!<\/p><\/div>\n<p>Marsruudi pikkus oli ca 400 km ja passikontrollis k\u00e4isime selle aja jooksul 8 korda. Bussiaknast v\u00e4lja vaadates laiutas ainult viletsus ja mahaj\u00e4\u00e4mus &#8211; tekkis tunne, et kuidas nad siin \u00fcldse elavad.<\/p>\n<div id=\"attachment_738\" style=\"width: 650px\" class=\"wp-caption aligncenter\"><a href=\"http:\/\/meelis.raume.eu\/?attachment_id=738\" rel=\"attachment wp-att-738\"><img loading=\"lazy\" decoding=\"async\" aria-describedby=\"caption-attachment-738\" class=\"size-large wp-image-738\" title=\"SANYO DIGITAL CAMERA\" src=\"http:\/\/meelis.raume.eu\/wp-content\/uploads\/2012\/04\/SANY0136-1024x768.jpg\" alt=\"\" width=\"640\" height=\"480\" srcset=\"https:\/\/meelis.raume.eu\/wp-content\/uploads\/2012\/04\/SANY0136-1024x768.jpg 1024w, https:\/\/meelis.raume.eu\/wp-content\/uploads\/2012\/04\/SANY0136-300x225.jpg 300w\" sizes=\"auto, (max-width: 640px) 100vw, 640px\" \/><\/a><p id=\"caption-attachment-738\" class=\"wp-caption-text\">Vaesus!<\/p><\/div>\n<div id=\"attachment_737\" style=\"width: 650px\" class=\"wp-caption aligncenter\"><a href=\"http:\/\/meelis.raume.eu\/?attachment_id=737\" rel=\"attachment wp-att-737\"><img loading=\"lazy\" decoding=\"async\" aria-describedby=\"caption-attachment-737\" class=\"size-large wp-image-737\" title=\"SANYO DIGITAL CAMERA\" src=\"http:\/\/meelis.raume.eu\/wp-content\/uploads\/2012\/04\/SANY0130-1024x768.jpg\" alt=\"\" width=\"640\" height=\"480\" srcset=\"https:\/\/meelis.raume.eu\/wp-content\/uploads\/2012\/04\/SANY0130-1024x768.jpg 1024w, https:\/\/meelis.raume.eu\/wp-content\/uploads\/2012\/04\/SANY0130-300x225.jpg 300w\" sizes=\"auto, (max-width: 640px) 100vw, 640px\" \/><\/a><p id=\"caption-attachment-737\" class=\"wp-caption-text\">Vaesus j\u00e4tkub!<\/p><\/div>\n<div id=\"attachment_736\" style=\"width: 650px\" class=\"wp-caption aligncenter\"><a href=\"http:\/\/meelis.raume.eu\/?attachment_id=736\" rel=\"attachment wp-att-736\"><img loading=\"lazy\" decoding=\"async\" aria-describedby=\"caption-attachment-736\" class=\"size-large wp-image-736\" title=\"SANYO DIGITAL CAMERA\" src=\"http:\/\/meelis.raume.eu\/wp-content\/uploads\/2012\/04\/SANY0129-1024x768.jpg\" alt=\"\" width=\"640\" height=\"480\" srcset=\"https:\/\/meelis.raume.eu\/wp-content\/uploads\/2012\/04\/SANY0129-1024x768.jpg 1024w, https:\/\/meelis.raume.eu\/wp-content\/uploads\/2012\/04\/SANY0129-300x225.jpg 300w\" sizes=\"auto, (max-width: 640px) 100vw, 640px\" \/><\/a><p id=\"caption-attachment-736\" class=\"wp-caption-text\">K\u00f5ige vaesem!<\/p><\/div>\n<div id=\"attachment_739\" style=\"width: 650px\" class=\"wp-caption aligncenter\"><a href=\"http:\/\/meelis.raume.eu\/?attachment_id=739\" rel=\"attachment wp-att-739\"><img loading=\"lazy\" decoding=\"async\" aria-describedby=\"caption-attachment-739\" class=\"size-large wp-image-739\" title=\"2012-04-19 10.57.36\" src=\"http:\/\/meelis.raume.eu\/wp-content\/uploads\/2012\/04\/2012-04-19-10.57.36-1024x768.jpg\" alt=\"\" width=\"640\" height=\"480\" srcset=\"https:\/\/meelis.raume.eu\/wp-content\/uploads\/2012\/04\/2012-04-19-10.57.36-1024x768.jpg 1024w, https:\/\/meelis.raume.eu\/wp-content\/uploads\/2012\/04\/2012-04-19-10.57.36-300x225.jpg 300w\" sizes=\"auto, (max-width: 640px) 100vw, 640px\" \/><\/a><p id=\"caption-attachment-739\" class=\"wp-caption-text\">Remondit\u00f6\u00f6koda \u00fches linnas, kus me restoranis s\u00fc\u00fca ei saanud mustuse p\u00e4rast!<\/p><\/div>\n<p>Linnad mis tee peale j\u00e4id olid ikka v\u00e4ga r\u00e4pased ja vaesed, isegi Google Maps ei n\u00e4ita teekaarti. \u00dcmberringi laiutasid d\u017eunglid ja \u00fcleujutused, taustaks suured m\u00e4ed! \u00dche koha peal s\u00f5itsime praamiga \u00fcle j\u00f5e-ise arvasime k\u00fcll, et see buss sinna peale ei mahu aga \u00e4ra l\u00e4ks! Buss j\u00e4i peale minnes p\u00f5hja alt kinni. Bussi tagumine ots j\u00e4i \u00fcle praami serva -rattad napilt peal! Sellist elamust vist ei saa enam iialgi kui just Aafrikasse ei l\u00e4he!<\/p>\n<div id=\"attachment_741\" style=\"width: 650px\" class=\"wp-caption aligncenter\"><a href=\"http:\/\/meelis.raume.eu\/?attachment_id=741\" rel=\"attachment wp-att-741\"><img loading=\"lazy\" decoding=\"async\" aria-describedby=\"caption-attachment-741\" class=\"size-large wp-image-741\" title=\"SANYO DIGITAL CAMERA\" src=\"http:\/\/meelis.raume.eu\/wp-content\/uploads\/2012\/04\/SANY0141-1024x768.jpg\" alt=\"\" width=\"640\" height=\"480\" srcset=\"https:\/\/meelis.raume.eu\/wp-content\/uploads\/2012\/04\/SANY0141-1024x768.jpg 1024w, https:\/\/meelis.raume.eu\/wp-content\/uploads\/2012\/04\/SANY0141-300x225.jpg 300w\" sizes=\"auto, (max-width: 640px) 100vw, 640px\" \/><\/a><p id=\"caption-attachment-741\" class=\"wp-caption-text\">Praamiga \u00fcles\u00f5it!<\/p><\/div>\n<div id=\"attachment_742\" style=\"width: 650px\" class=\"wp-caption aligncenter\"><a href=\"http:\/\/meelis.raume.eu\/?attachment_id=742\" rel=\"attachment wp-att-742\"><img loading=\"lazy\" decoding=\"async\" aria-describedby=\"caption-attachment-742\" class=\"size-large wp-image-742\" title=\"SANYO DIGITAL CAMERA\" src=\"http:\/\/meelis.raume.eu\/wp-content\/uploads\/2012\/04\/SANY0142-1024x768.jpg\" alt=\"\" width=\"640\" height=\"480\" srcset=\"https:\/\/meelis.raume.eu\/wp-content\/uploads\/2012\/04\/SANY0142-1024x768.jpg 1024w, https:\/\/meelis.raume.eu\/wp-content\/uploads\/2012\/04\/SANY0142-300x225.jpg 300w\" sizes=\"auto, (max-width: 640px) 100vw, 640px\" \/><\/a><p id=\"caption-attachment-742\" class=\"wp-caption-text\">J\u00f5gi millest \u00fcle s\u00f5itsime!<\/p><\/div>\n<p>L\u00f5unas\u00f6\u00f6k teel oli meil juur- ja \u00a0puuviljadega, ostsime \u00fchest kohalikku linna turult.<\/p>\n<div id=\"attachment_743\" style=\"width: 650px\" class=\"wp-caption aligncenter\"><a href=\"http:\/\/meelis.raume.eu\/?attachment_id=743\" rel=\"attachment wp-att-743\"><img loading=\"lazy\" decoding=\"async\" aria-describedby=\"caption-attachment-743\" class=\"size-large wp-image-743\" title=\"SANYO DIGITAL CAMERA\" src=\"http:\/\/meelis.raume.eu\/wp-content\/uploads\/2012\/04\/SANY0150-1024x768.jpg\" alt=\"\" width=\"640\" height=\"480\" srcset=\"https:\/\/meelis.raume.eu\/wp-content\/uploads\/2012\/04\/SANY0150-1024x768.jpg 1024w, https:\/\/meelis.raume.eu\/wp-content\/uploads\/2012\/04\/SANY0150-300x225.jpg 300w\" sizes=\"auto, (max-width: 640px) 100vw, 640px\" \/><\/a><p id=\"caption-attachment-743\" class=\"wp-caption-text\">Mina porgandit s\u00f6\u00f6mas!<\/p><\/div>\n<p>Tahtsime algul s\u00f6\u00f6ma minna kuid oh \u00f5udust, ei saanud minna sest s\u00f6\u00f6gikoha p\u00f5rand oli toiduj\u00e4\u00e4tmeid t\u00e4is ning mis mustus laiutas. Hea, et rotid pikali ei jooksnud kuid \u00fchte kassi n\u00e4gime restoranis koos rotiga mis tolknes hambus! N\u00fc\u00fcd kujutage ette veel millised k\u00fclad olid &#8211; meie bussi pealt maha ei l\u00e4inud kui buss peatus.<\/p>\n<div id=\"attachment_744\" style=\"width: 650px\" class=\"wp-caption aligncenter\"><a href=\"http:\/\/meelis.raume.eu\/?attachment_id=744\" rel=\"attachment wp-att-744\"><img loading=\"lazy\" decoding=\"async\" aria-describedby=\"caption-attachment-744\" class=\"size-large wp-image-744\" title=\"SANYO DIGITAL CAMERA\" src=\"http:\/\/meelis.raume.eu\/wp-content\/uploads\/2012\/04\/SANY0140-1024x768.jpg\" alt=\"\" width=\"640\" height=\"480\" srcset=\"https:\/\/meelis.raume.eu\/wp-content\/uploads\/2012\/04\/SANY0140-1024x768.jpg 1024w, https:\/\/meelis.raume.eu\/wp-content\/uploads\/2012\/04\/SANY0140-300x225.jpg 300w\" sizes=\"auto, (max-width: 640px) 100vw, 640px\" \/><\/a><p id=\"caption-attachment-744\" class=\"wp-caption-text\">Oli samuti selliseid poode linnades!<\/p><\/div>\n<p>\u00dches WC-s oli kahe hambaga vanamees ja tahtis raha saada &#8211; mul kadus h\u00e4dagi \u00e4ra! L\u00e4ksin bussi jooksuga tagasi! Kota Kinabalu-sse j\u00f5udes otsisime \u00fche hiinaka hosteli v\u00e4ikse toaga kus air cont, kiire Wifi ja hommikus\u00f6\u00f6k sees. Maksis 75 RYM-i kolmele mille peab siis jagama 4-ga, et euro k\u00e4tte saada! Teised kohad olid hullemad ja veel kallimad. Muidu Ok aga tuba ainult v\u00e4ike &#8211; noh hiinlaste jaoks ju! \u00d5htul l\u00e4ksime v\u00e4lja \u00fchte t\u00e4nava restorani kus m\u00e4ngis elav muusika ja kusjuures veel v\u00e4ga hea! S\u00f5ime \u00f5htust mis minule esimest korda ei maitsenud!<\/p>\n<div id=\"attachment_745\" style=\"width: 650px\" class=\"wp-caption aligncenter\"><a href=\"http:\/\/meelis.raume.eu\/?attachment_id=745\" rel=\"attachment wp-att-745\"><img loading=\"lazy\" decoding=\"async\" aria-describedby=\"caption-attachment-745\" class=\"size-large wp-image-745\" title=\"2012-04-19 23.00.56\" src=\"http:\/\/meelis.raume.eu\/wp-content\/uploads\/2012\/04\/2012-04-19-23.00.56-1024x768.jpg\" alt=\"\" width=\"640\" height=\"480\" srcset=\"https:\/\/meelis.raume.eu\/wp-content\/uploads\/2012\/04\/2012-04-19-23.00.56-1024x768.jpg 1024w, https:\/\/meelis.raume.eu\/wp-content\/uploads\/2012\/04\/2012-04-19-23.00.56-300x225.jpg 300w\" sizes=\"auto, (max-width: 640px) 100vw, 640px\" \/><\/a><p id=\"caption-attachment-745\" class=\"wp-caption-text\">Tundmatu ansambel mis m\u00e4ngis t\u00e4navarestoranis!<\/p><\/div>\n<div id=\"attachment_746\" style=\"width: 650px\" class=\"wp-caption aligncenter\"><a href=\"http:\/\/meelis.raume.eu\/?attachment_id=746\" rel=\"attachment wp-att-746\"><img loading=\"lazy\" decoding=\"async\" aria-describedby=\"caption-attachment-746\" class=\"size-large wp-image-746\" title=\"2012-04-19 23.24.58\" src=\"http:\/\/meelis.raume.eu\/wp-content\/uploads\/2012\/04\/2012-04-19-23.24.58-1024x768.jpg\" alt=\"\" width=\"640\" height=\"480\" srcset=\"https:\/\/meelis.raume.eu\/wp-content\/uploads\/2012\/04\/2012-04-19-23.24.58-1024x768.jpg 1024w, https:\/\/meelis.raume.eu\/wp-content\/uploads\/2012\/04\/2012-04-19-23.24.58-300x225.jpg 300w\" sizes=\"auto, (max-width: 640px) 100vw, 640px\" \/><\/a><p id=\"caption-attachment-746\" class=\"wp-caption-text\">\u00d5htus\u00f6\u00f6 mis mulle ei maitsenud!<\/p><\/div>\n<p>\u00d6\u00f6 magatud st, et 20.04.2012. Hakkame otsima endale rendiautot, et s\u00f5ita Sandakani \u00e4ra k\u00e4ia Kilpkonna ja Langkyan saartel, teha d\u017eunglimatk, kohtuda inims\u00f6\u00f6jatega ja kui j\u00f5uab \u00e4ra k\u00e4ia veel Sipadani saartel mis on \u00fcks maailma n\u00f5utumaid akvalangistide k\u00fclastuskohti. Seal on \u00fcks saar (nime ma ei tea kahjuks vist oli kapalai, see nii pisike kus astud saare pealt paar sammu vette ja kohe on 600 meetrine s\u00fcvik)! Panen Teile \u00fche lingi kus saab pilte vaadata nende saarte kohta\u00a0<a href=\"http:\/\/www.sipadan-kapalai.com\/kapalai%20gallery.htm\">http:\/\/www.sipadan-kapalai.com\/kapalai%20gallery.htm<\/a> !<\/p>\n<p>J\u00e4rgneb &#8230;.!<\/p>\n<div id=\"attachment_753\" style=\"width: 650px\" class=\"wp-caption aligncenter\"><a href=\"http:\/\/meelis.raume.eu\/?attachment_id=753\" rel=\"attachment wp-att-753\"><img loading=\"lazy\" decoding=\"async\" aria-describedby=\"caption-attachment-753\" class=\"size-large wp-image-753\" title=\"SANYO DIGITAL CAMERA\" src=\"http:\/\/meelis.raume.eu\/wp-content\/uploads\/2012\/04\/SANY0001-1024x768.jpg\" alt=\"\" width=\"640\" height=\"480\" srcset=\"https:\/\/meelis.raume.eu\/wp-content\/uploads\/2012\/04\/SANY0001-1024x768.jpg 1024w, https:\/\/meelis.raume.eu\/wp-content\/uploads\/2012\/04\/SANY0001-300x225.jpg 300w\" sizes=\"auto, (max-width: 640px) 100vw, 640px\" \/><\/a><p id=\"caption-attachment-753\" class=\"wp-caption-text\">Kota Kinabalu (Malaysia osariigi Sabah pealinn)<\/p><\/div>\n<div id=\"attachment_758\" style=\"width: 650px\" class=\"wp-caption aligncenter\"><a href=\"http:\/\/meelis.raume.eu\/?attachment_id=758\" rel=\"attachment wp-att-758\"><img loading=\"lazy\" decoding=\"async\" aria-describedby=\"caption-attachment-758\" class=\"size-large wp-image-758\" title=\"SANYO DIGITAL CAMERA\" src=\"http:\/\/meelis.raume.eu\/wp-content\/uploads\/2012\/04\/SANY0007-1024x768.jpg\" alt=\"\" width=\"640\" height=\"480\" srcset=\"https:\/\/meelis.raume.eu\/wp-content\/uploads\/2012\/04\/SANY0007-1024x768.jpg 1024w, https:\/\/meelis.raume.eu\/wp-content\/uploads\/2012\/04\/SANY0007-300x225.jpg 300w\" sizes=\"auto, (max-width: 640px) 100vw, 640px\" \/><\/a><p id=\"caption-attachment-758\" class=\"wp-caption-text\">Kota Kinabalu<\/p><\/div>\n<div id=\"attachment_760\" style=\"width: 650px\" class=\"wp-caption aligncenter\"><a href=\"http:\/\/meelis.raume.eu\/?attachment_id=760\" rel=\"attachment wp-att-760\"><img loading=\"lazy\" decoding=\"async\" aria-describedby=\"caption-attachment-760\" class=\"size-large wp-image-760\" title=\"2012-04-20 14.53.53\" src=\"http:\/\/meelis.raume.eu\/wp-content\/uploads\/2012\/04\/2012-04-20-14.53.53-1024x768.jpg\" alt=\"\" width=\"640\" height=\"480\" srcset=\"https:\/\/meelis.raume.eu\/wp-content\/uploads\/2012\/04\/2012-04-20-14.53.53-1024x768.jpg 1024w, https:\/\/meelis.raume.eu\/wp-content\/uploads\/2012\/04\/2012-04-20-14.53.53-300x225.jpg 300w\" sizes=\"auto, (max-width: 640px) 100vw, 640px\" \/><\/a><p id=\"caption-attachment-760\" class=\"wp-caption-text\">Kota Kinabalu<\/p><\/div>\n<div id=\"attachment_761\" style=\"width: 650px\" class=\"wp-caption aligncenter\"><a href=\"http:\/\/meelis.raume.eu\/?attachment_id=761\" rel=\"attachment wp-att-761\"><img loading=\"lazy\" decoding=\"async\" aria-describedby=\"caption-attachment-761\" class=\"size-large wp-image-761\" title=\"2012-04-20 14.54.03\" src=\"http:\/\/meelis.raume.eu\/wp-content\/uploads\/2012\/04\/2012-04-20-14.54.03-1024x768.jpg\" alt=\"\" width=\"640\" height=\"480\" srcset=\"https:\/\/meelis.raume.eu\/wp-content\/uploads\/2012\/04\/2012-04-20-14.54.03-1024x768.jpg 1024w, https:\/\/meelis.raume.eu\/wp-content\/uploads\/2012\/04\/2012-04-20-14.54.03-300x225.jpg 300w\" sizes=\"auto, (max-width: 640px) 100vw, 640px\" \/><\/a><p id=\"caption-attachment-761\" class=\"wp-caption-text\">Kota Kinabalu<\/p><\/div>\n<p>Rendiautoks sai meile j\u00e4lle Proton kuid juba 100 tuhat km s\u00f5itnud ja \u00fcsna v\u00e4sinud. Kui Langkawil auto maksis 17 \u20ac \u00f6\u00f6p\u00e4ev siis Kota Kinabalus oli autohind juba 40 \u20ac \u00f6\u00f6p\u00e4ev. Ega meil valikut ei olnud sest soov oli ikka s\u00f5ita Sandakani ja v\u00e4hemalt d\u017eunglimatk \u00e4ra teha!<\/p>\n<div id=\"attachment_762\" style=\"width: 650px\" class=\"wp-caption aligncenter\"><a href=\"http:\/\/meelis.raume.eu\/?attachment_id=762\" rel=\"attachment wp-att-762\"><img loading=\"lazy\" decoding=\"async\" aria-describedby=\"caption-attachment-762\" class=\"size-large wp-image-762\" title=\"2012-04-21 12.15.08\" src=\"http:\/\/meelis.raume.eu\/wp-content\/uploads\/2012\/04\/2012-04-21-12.15.08-1024x768.jpg\" alt=\"\" width=\"640\" height=\"480\" srcset=\"https:\/\/meelis.raume.eu\/wp-content\/uploads\/2012\/04\/2012-04-21-12.15.08-1024x768.jpg 1024w, https:\/\/meelis.raume.eu\/wp-content\/uploads\/2012\/04\/2012-04-21-12.15.08-300x225.jpg 300w\" sizes=\"auto, (max-width: 640px) 100vw, 640px\" \/><\/a><p id=\"caption-attachment-762\" class=\"wp-caption-text\">Kota Kinabalu<\/p><\/div>\n<p>Orienteerumisega siin linnas ja \u00f5ige teeotsa \u00fclesleidmine oli v\u00e4ga raske sest praktiliselt t\u00e4navasilte, teeviitasid ja k\u00f5ige hullem kaarti ka ei tunta. Ise nad \u00fctlevad, et neil ei olegi teedekaarti mingisugust olemas. Peale paaritunnist seiklemist saime ikka \u00f5ige teeotsa k\u00e4tte mis viis Sandakani peale. Teekond oli raske sest teeolud olid v\u00e4ga halvad ja teekond kulges \u00fcle Kota Kinabalu m\u00e4eahelikku kus kohati olime ligi 2 km k\u00f5rgusel autoga. Teatavasti on k\u00f5rgeim tipp seal kohe autotee k\u00f5rval mis k\u00fc\u00fcnib tsipa \u00fcle 4 kilomeetri. \u00a0Sandakani j\u00f5udsime \u00f6\u00f6sel kell 2 ja 6 tunnine teekond selleks korraks l\u00f5ppenud.<\/p>\n<div id=\"attachment_763\" style=\"width: 650px\" class=\"wp-caption aligncenter\"><a href=\"http:\/\/meelis.raume.eu\/?attachment_id=763\" rel=\"attachment wp-att-763\"><img loading=\"lazy\" decoding=\"async\" aria-describedby=\"caption-attachment-763\" class=\"size-large wp-image-763\" title=\"SANYO DIGITAL CAMERA\" src=\"http:\/\/meelis.raume.eu\/wp-content\/uploads\/2012\/04\/SANY0021-1024x768.jpg\" alt=\"\" width=\"640\" height=\"480\" srcset=\"https:\/\/meelis.raume.eu\/wp-content\/uploads\/2012\/04\/SANY0021-1024x768.jpg 1024w, https:\/\/meelis.raume.eu\/wp-content\/uploads\/2012\/04\/SANY0021-300x225.jpg 300w\" sizes=\"auto, (max-width: 640px) 100vw, 640px\" \/><\/a><p id=\"caption-attachment-763\" class=\"wp-caption-text\">Sandakani vaatamisv\u00e4\u00e4rsus - tegelikult samuti sest nii oli kaardi peal kirjas!<\/p><\/div>\n<div id=\"attachment_764\" style=\"width: 650px\" class=\"wp-caption aligncenter\"><a href=\"http:\/\/meelis.raume.eu\/?attachment_id=764\" rel=\"attachment wp-att-764\"><img loading=\"lazy\" decoding=\"async\" aria-describedby=\"caption-attachment-764\" class=\"size-large wp-image-764\" title=\"2012-04-21 12.16.07\" src=\"http:\/\/meelis.raume.eu\/wp-content\/uploads\/2012\/04\/2012-04-21-12.16.07-1024x768.jpg\" alt=\"\" width=\"640\" height=\"480\" srcset=\"https:\/\/meelis.raume.eu\/wp-content\/uploads\/2012\/04\/2012-04-21-12.16.07-1024x768.jpg 1024w, https:\/\/meelis.raume.eu\/wp-content\/uploads\/2012\/04\/2012-04-21-12.16.07-300x225.jpg 300w\" sizes=\"auto, (max-width: 640px) 100vw, 640px\" \/><\/a><p id=\"caption-attachment-764\" class=\"wp-caption-text\">Sandakan<\/p><\/div>\n<p>Muuseas kilomeetreid oli sinna 350 \u00fcmber aga \u00fcle m\u00e4gede s\u00f5it v\u00f5tab palju aega. L\u00e4ksime magama peaaegu esimesse valitud hotelli, head \u00f6\u00f6sel samuti teenindatakse. J\u00e4rgmisel hommikul helistasime oma \u00f6\u00f6bimiskohta d\u017eunglisse ja broneerisime omale kohad \u00e4ra. P\u00e4ev otsa tutvusime Sandakani vaatamisv\u00e4\u00e4rsustega ja laiutava mustusega. Erilist midagi vaadata ei olnud kuid \u00fchtteist ikka leidsime!<\/p>\n<div id=\"attachment_756\" style=\"width: 650px\" class=\"wp-caption aligncenter\"><a href=\"http:\/\/meelis.raume.eu\/?attachment_id=756\" rel=\"attachment wp-att-756\"><img loading=\"lazy\" decoding=\"async\" aria-describedby=\"caption-attachment-756\" class=\"size-large wp-image-756\" title=\"2012-04-21 12.54.06\" src=\"http:\/\/meelis.raume.eu\/wp-content\/uploads\/2012\/04\/2012-04-21-12.54.06-1024x768.jpg\" alt=\"\" width=\"640\" height=\"480\" srcset=\"https:\/\/meelis.raume.eu\/wp-content\/uploads\/2012\/04\/2012-04-21-12.54.06-1024x768.jpg 1024w, https:\/\/meelis.raume.eu\/wp-content\/uploads\/2012\/04\/2012-04-21-12.54.06-300x225.jpg 300w\" sizes=\"auto, (max-width: 640px) 100vw, 640px\" \/><\/a><p id=\"caption-attachment-756\" class=\"wp-caption-text\">Idee autof\u00e4nnidele, kuidas on v\u00f5imalik autoarmatuuri kaunistada!<\/p><\/div>\n<div id=\"attachment_765\" style=\"width: 650px\" class=\"wp-caption aligncenter\"><a href=\"http:\/\/meelis.raume.eu\/?attachment_id=765\" rel=\"attachment wp-att-765\"><img loading=\"lazy\" decoding=\"async\" aria-describedby=\"caption-attachment-765\" class=\"size-large wp-image-765\" title=\"2012-04-21 13.10.05\" src=\"http:\/\/meelis.raume.eu\/wp-content\/uploads\/2012\/04\/2012-04-21-13.10.05-768x1024.jpg\" alt=\"\" width=\"640\" height=\"853\" srcset=\"https:\/\/meelis.raume.eu\/wp-content\/uploads\/2012\/04\/2012-04-21-13.10.05-768x1024.jpg 768w, https:\/\/meelis.raume.eu\/wp-content\/uploads\/2012\/04\/2012-04-21-13.10.05-225x300.jpg 225w\" sizes=\"auto, (max-width: 640px) 100vw, 640px\" \/><\/a><p id=\"caption-attachment-765\" class=\"wp-caption-text\">Kool Sandakanis<\/p><\/div>\n<div id=\"attachment_766\" style=\"width: 650px\" class=\"wp-caption aligncenter\"><a href=\"http:\/\/meelis.raume.eu\/?attachment_id=766\" rel=\"attachment wp-att-766\"><img loading=\"lazy\" decoding=\"async\" aria-describedby=\"caption-attachment-766\" class=\"size-large wp-image-766\" title=\"2012-04-21 12.39.01\" src=\"http:\/\/meelis.raume.eu\/wp-content\/uploads\/2012\/04\/2012-04-21-12.39.01-1024x768.jpg\" alt=\"\" width=\"640\" height=\"480\" srcset=\"https:\/\/meelis.raume.eu\/wp-content\/uploads\/2012\/04\/2012-04-21-12.39.01-1024x768.jpg 1024w, https:\/\/meelis.raume.eu\/wp-content\/uploads\/2012\/04\/2012-04-21-12.39.01-300x225.jpg 300w\" sizes=\"auto, (max-width: 640px) 100vw, 640px\" \/><\/a><p id=\"caption-attachment-766\" class=\"wp-caption-text\">Midagi koledat samuti Sandakanist!<\/p><\/div>\n<p>Kilpkonna saartele ei hakanud samuti minema sest kilpkonnad ei pidanud veest v\u00e4lja tulema munema st, et ei olnud nende hooaeg!\u00a0\u00d5htu l\u00e4henedes s\u00f5itsime oma d\u017eunglimajutusse, k\u00e4isime l\u00e4hedal asuvas poes ning tellisime \u00f5htus\u00f6\u00f6gi.<\/p>\n<div id=\"attachment_770\" style=\"width: 650px\" class=\"wp-caption aligncenter\"><a href=\"http:\/\/meelis.raume.eu\/?attachment_id=770\" rel=\"attachment wp-att-770\"><img loading=\"lazy\" decoding=\"async\" aria-describedby=\"caption-attachment-770\" class=\"size-large wp-image-770\" title=\"2012-04-21 19.14.32\" src=\"http:\/\/meelis.raume.eu\/wp-content\/uploads\/2012\/04\/2012-04-21-19.14.32-1024x768.jpg\" alt=\"\" width=\"640\" height=\"480\" srcset=\"https:\/\/meelis.raume.eu\/wp-content\/uploads\/2012\/04\/2012-04-21-19.14.32-1024x768.jpg 1024w, https:\/\/meelis.raume.eu\/wp-content\/uploads\/2012\/04\/2012-04-21-19.14.32-300x225.jpg 300w\" sizes=\"auto, (max-width: 640px) 100vw, 640px\" \/><\/a><p id=\"caption-attachment-770\" class=\"wp-caption-text\">Sellised putukad!<\/p><\/div>\n<div id=\"attachment_771\" style=\"width: 650px\" class=\"wp-caption aligncenter\"><a href=\"http:\/\/meelis.raume.eu\/?attachment_id=771\" rel=\"attachment wp-att-771\"><img loading=\"lazy\" decoding=\"async\" aria-describedby=\"caption-attachment-771\" class=\"size-large wp-image-771\" title=\"2012-04-21 21.49.33\" src=\"http:\/\/meelis.raume.eu\/wp-content\/uploads\/2012\/04\/2012-04-21-21.49.33-1024x768.jpg\" alt=\"\" width=\"640\" height=\"480\" srcset=\"https:\/\/meelis.raume.eu\/wp-content\/uploads\/2012\/04\/2012-04-21-21.49.33-1024x768.jpg 1024w, https:\/\/meelis.raume.eu\/wp-content\/uploads\/2012\/04\/2012-04-21-21.49.33-300x225.jpg 300w\" sizes=\"auto, (max-width: 640px) 100vw, 640px\" \/><\/a><p id=\"caption-attachment-771\" class=\"wp-caption-text\">Veel putukaid!<\/p><\/div>\n<div id=\"attachment_772\" style=\"width: 650px\" class=\"wp-caption aligncenter\"><a href=\"http:\/\/meelis.raume.eu\/?attachment_id=772\" rel=\"attachment wp-att-772\"><img loading=\"lazy\" decoding=\"async\" aria-describedby=\"caption-attachment-772\" class=\"size-large wp-image-772\" title=\"2012-04-21 21.59.19\" src=\"http:\/\/meelis.raume.eu\/wp-content\/uploads\/2012\/04\/2012-04-21-21.59.19-1024x768.jpg\" alt=\"\" width=\"640\" height=\"480\" srcset=\"https:\/\/meelis.raume.eu\/wp-content\/uploads\/2012\/04\/2012-04-21-21.59.19-1024x768.jpg 1024w, https:\/\/meelis.raume.eu\/wp-content\/uploads\/2012\/04\/2012-04-21-21.59.19-300x225.jpg 300w\" sizes=\"auto, (max-width: 640px) 100vw, 640px\" \/><\/a><p id=\"caption-attachment-772\" class=\"wp-caption-text\">Liblikas!<\/p><\/div>\n<div id=\"attachment_773\" style=\"width: 650px\" class=\"wp-caption aligncenter\"><a href=\"http:\/\/meelis.raume.eu\/?attachment_id=773\" rel=\"attachment wp-att-773\"><img loading=\"lazy\" decoding=\"async\" aria-describedby=\"caption-attachment-773\" class=\"size-large wp-image-773\" title=\"2012-04-21 23.33.29\" src=\"http:\/\/meelis.raume.eu\/wp-content\/uploads\/2012\/04\/2012-04-21-23.33.29-1024x768.jpg\" alt=\"\" width=\"640\" height=\"480\" srcset=\"https:\/\/meelis.raume.eu\/wp-content\/uploads\/2012\/04\/2012-04-21-23.33.29-1024x768.jpg 1024w, https:\/\/meelis.raume.eu\/wp-content\/uploads\/2012\/04\/2012-04-21-23.33.29-300x225.jpg 300w\" sizes=\"auto, (max-width: 640px) 100vw, 640px\" \/><\/a><p id=\"caption-attachment-773\" class=\"wp-caption-text\">S\u00e4\u00e4sev\u00f5rguga voodi!<\/p><\/div>\n<div id=\"attachment_774\" style=\"width: 650px\" class=\"wp-caption aligncenter\"><a href=\"http:\/\/meelis.raume.eu\/?attachment_id=774\" rel=\"attachment wp-att-774\"><img loading=\"lazy\" decoding=\"async\" aria-describedby=\"caption-attachment-774\" class=\"size-large wp-image-774\" title=\"2012-04-22 06.51.51\" src=\"http:\/\/meelis.raume.eu\/wp-content\/uploads\/2012\/04\/2012-04-22-06.51.51-1024x768.jpg\" alt=\"\" width=\"640\" height=\"480\" srcset=\"https:\/\/meelis.raume.eu\/wp-content\/uploads\/2012\/04\/2012-04-22-06.51.51-1024x768.jpg 1024w, https:\/\/meelis.raume.eu\/wp-content\/uploads\/2012\/04\/2012-04-22-06.51.51-300x225.jpg 300w\" sizes=\"auto, (max-width: 640px) 100vw, 640px\" \/><\/a><p id=\"caption-attachment-774\" class=\"wp-caption-text\">Toilet d\u017eunglis!<\/p><\/div>\n<div id=\"attachment_775\" style=\"width: 650px\" class=\"wp-caption aligncenter\"><a href=\"http:\/\/meelis.raume.eu\/?attachment_id=775\" rel=\"attachment wp-att-775\"><img loading=\"lazy\" decoding=\"async\" aria-describedby=\"caption-attachment-775\" class=\"size-large wp-image-775\" title=\"2012-04-22 06.51.38\" src=\"http:\/\/meelis.raume.eu\/wp-content\/uploads\/2012\/04\/2012-04-22-06.51.38-1024x768.jpg\" alt=\"\" width=\"640\" height=\"480\" srcset=\"https:\/\/meelis.raume.eu\/wp-content\/uploads\/2012\/04\/2012-04-22-06.51.38-1024x768.jpg 1024w, https:\/\/meelis.raume.eu\/wp-content\/uploads\/2012\/04\/2012-04-22-06.51.38-300x225.jpg 300w\" sizes=\"auto, (max-width: 640px) 100vw, 640px\" \/><\/a><p id=\"caption-attachment-775\" class=\"wp-caption-text\">Du\u0161iruum d\u017eunglis!<\/p><\/div>\n<div id=\"attachment_776\" style=\"width: 650px\" class=\"wp-caption aligncenter\"><a href=\"http:\/\/meelis.raume.eu\/?attachment_id=776\" rel=\"attachment wp-att-776\"><img loading=\"lazy\" decoding=\"async\" aria-describedby=\"caption-attachment-776\" class=\"size-large wp-image-776\" title=\"2012-04-22 06.52.31\" src=\"http:\/\/meelis.raume.eu\/wp-content\/uploads\/2012\/04\/2012-04-22-06.52.31-1024x768.jpg\" alt=\"\" width=\"640\" height=\"480\" srcset=\"https:\/\/meelis.raume.eu\/wp-content\/uploads\/2012\/04\/2012-04-22-06.52.31-1024x768.jpg 1024w, https:\/\/meelis.raume.eu\/wp-content\/uploads\/2012\/04\/2012-04-22-06.52.31-300x225.jpg 300w\" sizes=\"auto, (max-width: 640px) 100vw, 640px\" \/><\/a><p id=\"caption-attachment-776\" class=\"wp-caption-text\">Meie onn!<\/p><\/div>\n<div id=\"attachment_777\" style=\"width: 650px\" class=\"wp-caption aligncenter\"><a href=\"http:\/\/meelis.raume.eu\/?attachment_id=777\" rel=\"attachment wp-att-777\"><img loading=\"lazy\" decoding=\"async\" aria-describedby=\"caption-attachment-777\" class=\"size-large wp-image-777\" title=\"2012-04-22 07.02.13\" src=\"http:\/\/meelis.raume.eu\/wp-content\/uploads\/2012\/04\/2012-04-22-07.02.13-1024x768.jpg\" alt=\"\" width=\"640\" height=\"480\" srcset=\"https:\/\/meelis.raume.eu\/wp-content\/uploads\/2012\/04\/2012-04-22-07.02.13-1024x768.jpg 1024w, https:\/\/meelis.raume.eu\/wp-content\/uploads\/2012\/04\/2012-04-22-07.02.13-300x225.jpg 300w\" sizes=\"auto, (max-width: 640px) 100vw, 640px\" \/><\/a><p id=\"caption-attachment-777\" class=\"wp-caption-text\">Onnide all sai isegi m\u00f5nuleda kuigi mitte meie onni all!<\/p><\/div>\n<p>Meie Edvin-iga v\u00f5tsime lamba seekord ja Aare v\u00f5ttis kalaroa (Barracuda)!<\/p>\n<div id=\"attachment_784\" style=\"width: 650px\" class=\"wp-caption aligncenter\"><a href=\"http:\/\/meelis.raume.eu\/?attachment_id=784\" rel=\"attachment wp-att-784\"><img loading=\"lazy\" decoding=\"async\" aria-describedby=\"caption-attachment-784\" class=\"size-large wp-image-784\" title=\"2012-04-21 20.19.24\" src=\"http:\/\/meelis.raume.eu\/wp-content\/uploads\/2012\/04\/2012-04-21-20.19.24-1024x768.jpg\" alt=\"\" width=\"640\" height=\"480\" srcset=\"https:\/\/meelis.raume.eu\/wp-content\/uploads\/2012\/04\/2012-04-21-20.19.24-1024x768.jpg 1024w, https:\/\/meelis.raume.eu\/wp-content\/uploads\/2012\/04\/2012-04-21-20.19.24-300x225.jpg 300w\" sizes=\"auto, (max-width: 640px) 100vw, 640px\" \/><\/a><p id=\"caption-attachment-784\" class=\"wp-caption-text\">Lambaliha riisi ja kolme kurgiviiluga!<\/p><\/div>\n<p>\u00d6\u00f6 m\u00f6\u00f6dus d\u017eunglih\u00e4\u00e4lte keskel, kuid isegi ei h\u00e4irinud v\u00e4ga. Vaade onnist oli v\u00f5rratu mida raske kirjeldada.<\/p>\n<div id=\"attachment_769\" style=\"width: 650px\" class=\"wp-caption aligncenter\"><a href=\"http:\/\/meelis.raume.eu\/?attachment_id=769\" rel=\"attachment wp-att-769\"><img loading=\"lazy\" decoding=\"async\" aria-describedby=\"caption-attachment-769\" class=\"size-large wp-image-769\" title=\"2012-04-21 16.48.06\" src=\"http:\/\/meelis.raume.eu\/wp-content\/uploads\/2012\/04\/2012-04-21-16.48.06-1024x768.jpg\" alt=\"\" width=\"640\" height=\"480\" srcset=\"https:\/\/meelis.raume.eu\/wp-content\/uploads\/2012\/04\/2012-04-21-16.48.06-1024x768.jpg 1024w, https:\/\/meelis.raume.eu\/wp-content\/uploads\/2012\/04\/2012-04-21-16.48.06-300x225.jpg 300w\" sizes=\"auto, (max-width: 640px) 100vw, 640px\" \/><\/a><p id=\"caption-attachment-769\" class=\"wp-caption-text\">D\u017eungli kohal onnis!<\/p><\/div>\n<p>Eelneval \u00f5htul tellisime veel d\u017eunglitripi \u00e4ra ja hommikul kell 7 s\u00f5ime ja kohe tripile. S\u00f5it d\u017eunglisse kestis k\u00f5igepealt autoga 1 tund Sungai Lokau k\u00fclasse ja siis veel mootorpaadiga 1 tund, kus asus laager.\u00a0See k\u00f5ik eeldaski varajast t\u00f5usu!<\/p>\n<div id=\"attachment_785\" style=\"width: 650px\" class=\"wp-caption aligncenter\"><a href=\"http:\/\/meelis.raume.eu\/?attachment_id=785\" rel=\"attachment wp-att-785\"><img loading=\"lazy\" decoding=\"async\" aria-describedby=\"caption-attachment-785\" class=\"size-large wp-image-785\" title=\"2012-04-22 07.45.05\" src=\"http:\/\/meelis.raume.eu\/wp-content\/uploads\/2012\/04\/2012-04-22-07.45.05-1024x768.jpg\" alt=\"\" width=\"640\" height=\"480\" srcset=\"https:\/\/meelis.raume.eu\/wp-content\/uploads\/2012\/04\/2012-04-22-07.45.05-1024x768.jpg 1024w, https:\/\/meelis.raume.eu\/wp-content\/uploads\/2012\/04\/2012-04-22-07.45.05-300x225.jpg 300w\" sizes=\"auto, (max-width: 640px) 100vw, 640px\" \/><\/a><p id=\"caption-attachment-785\" class=\"wp-caption-text\">D\u017eungel resort! Siit tellisime d\u017eungli reisi!<\/p><\/div>\n<div id=\"attachment_786\" style=\"width: 650px\" class=\"wp-caption aligncenter\"><a href=\"http:\/\/meelis.raume.eu\/?attachment_id=786\" rel=\"attachment wp-att-786\"><img loading=\"lazy\" decoding=\"async\" aria-describedby=\"caption-attachment-786\" class=\"size-large wp-image-786\" title=\"2012-04-22 09.52.13\" src=\"http:\/\/meelis.raume.eu\/wp-content\/uploads\/2012\/04\/2012-04-22-09.52.13-1024x768.jpg\" alt=\"\" width=\"640\" height=\"480\" srcset=\"https:\/\/meelis.raume.eu\/wp-content\/uploads\/2012\/04\/2012-04-22-09.52.13-1024x768.jpg 1024w, https:\/\/meelis.raume.eu\/wp-content\/uploads\/2012\/04\/2012-04-22-09.52.13-300x225.jpg 300w\" sizes=\"auto, (max-width: 640px) 100vw, 640px\" \/><\/a><p id=\"caption-attachment-786\" class=\"wp-caption-text\">Sunagi Lokau k\u00fcla kus kohast alustasime tunniajast paadis\u00f5itu d\u017eungli vahelaagrisse!<\/p><\/div>\n<p>Mootorpaadiga s\u00f5ites n\u00e4gime kaldal vedelevaid krokodille.<\/p>\n<div id=\"attachment_795\" style=\"width: 650px\" class=\"wp-caption aligncenter\"><a href=\"http:\/\/meelis.raume.eu\/?attachment_id=795\" rel=\"attachment wp-att-795\"><img loading=\"lazy\" decoding=\"async\" aria-describedby=\"caption-attachment-795\" class=\"size-large wp-image-795\" title=\"SANYO DIGITAL CAMERA\" src=\"http:\/\/meelis.raume.eu\/wp-content\/uploads\/2012\/04\/SANY0146-1024x768.jpg\" alt=\"\" width=\"640\" height=\"480\" srcset=\"https:\/\/meelis.raume.eu\/wp-content\/uploads\/2012\/04\/SANY0146-1024x768.jpg 1024w, https:\/\/meelis.raume.eu\/wp-content\/uploads\/2012\/04\/SANY0146-300x225.jpg 300w\" sizes=\"auto, (max-width: 640px) 100vw, 640px\" \/><\/a><p id=\"caption-attachment-795\" class=\"wp-caption-text\">Krokodill meie poole tulemas!<\/p><\/div>\n<p>Laagrist s\u00f5itsime edasi d\u017eunglitripile veel ca 10-15 minutit. J\u00f5gi oli v\u00e4ga lai nagu umbes P\u00e4rnu j\u00f5gi suudmes v\u00f5i isegi laiem ja j\u00f5e nimeks oli Kinabatangan. Looduskaitseala on ca Eesti suurune ja see ala on Malaysia oma, kuid suurem osa maailma 3-dast saarest (suurus) nimega Borneo\u00a0kuulub Indoneesiale kus ainult l\u00f5putud d\u017eunglid laiuvadki!<\/p>\n<div id=\"attachment_787\" style=\"width: 650px\" class=\"wp-caption aligncenter\"><a href=\"http:\/\/meelis.raume.eu\/?attachment_id=787\" rel=\"attachment wp-att-787\"><img loading=\"lazy\" decoding=\"async\" aria-describedby=\"caption-attachment-787\" class=\"size-large wp-image-787\" title=\"2012-04-22 09.52.07\" src=\"http:\/\/meelis.raume.eu\/wp-content\/uploads\/2012\/04\/2012-04-22-09.52.07-1024x768.jpg\" alt=\"\" width=\"640\" height=\"480\" srcset=\"https:\/\/meelis.raume.eu\/wp-content\/uploads\/2012\/04\/2012-04-22-09.52.07-1024x768.jpg 1024w, https:\/\/meelis.raume.eu\/wp-content\/uploads\/2012\/04\/2012-04-22-09.52.07-300x225.jpg 300w\" sizes=\"auto, (max-width: 640px) 100vw, 640px\" \/><\/a><p id=\"caption-attachment-787\" class=\"wp-caption-text\">Sadam Kinabatang-i j\u00f5el! Muuseas see on viimane asustatud punkt 40-50 tuhande ruutkilomeetri laiusel looduskaitse alal!<\/p><\/div>\n<div id=\"attachment_788\" style=\"width: 650px\" class=\"wp-caption aligncenter\"><a href=\"http:\/\/meelis.raume.eu\/?attachment_id=788\" rel=\"attachment wp-att-788\"><img loading=\"lazy\" decoding=\"async\" aria-describedby=\"caption-attachment-788\" class=\"size-large wp-image-788\" title=\"2012-04-22 10.03.00\" src=\"http:\/\/meelis.raume.eu\/wp-content\/uploads\/2012\/04\/2012-04-22-10.03.00-1024x768.jpg\" alt=\"\" width=\"640\" height=\"480\" srcset=\"https:\/\/meelis.raume.eu\/wp-content\/uploads\/2012\/04\/2012-04-22-10.03.00-1024x768.jpg 1024w, https:\/\/meelis.raume.eu\/wp-content\/uploads\/2012\/04\/2012-04-22-10.03.00-300x225.jpg 300w\" sizes=\"auto, (max-width: 640px) 100vw, 640px\" \/><\/a><p id=\"caption-attachment-788\" class=\"wp-caption-text\">Teel d\u017eungli vahelaagrisse m\u00f6\u00f6da Kinabatang-i!<\/p><\/div>\n<div id=\"attachment_789\" style=\"width: 650px\" class=\"wp-caption aligncenter\"><a href=\"http:\/\/meelis.raume.eu\/?attachment_id=789\" rel=\"attachment wp-att-789\"><img loading=\"lazy\" decoding=\"async\" aria-describedby=\"caption-attachment-789\" class=\"size-large wp-image-789\" title=\"2012-04-22 10.35.42\" src=\"http:\/\/meelis.raume.eu\/wp-content\/uploads\/2012\/04\/2012-04-22-10.35.42-1024x768.jpg\" alt=\"\" width=\"640\" height=\"480\" srcset=\"https:\/\/meelis.raume.eu\/wp-content\/uploads\/2012\/04\/2012-04-22-10.35.42-1024x768.jpg 1024w, https:\/\/meelis.raume.eu\/wp-content\/uploads\/2012\/04\/2012-04-22-10.35.42-300x225.jpg 300w\" sizes=\"auto, (max-width: 640px) 100vw, 640px\" \/><\/a><p id=\"caption-attachment-789\" class=\"wp-caption-text\">D\u017eungli vahelaager! Ma teadsin, et eestlased on siia samuti j\u00f5udnud, kuid ei osanud arvata, et leiame Eesti lipu eest! Nii soe tunne oli kohe!<\/p><\/div>\n<div id=\"attachment_791\" style=\"width: 650px\" class=\"wp-caption aligncenter\"><a href=\"http:\/\/meelis.raume.eu\/?attachment_id=791\" rel=\"attachment wp-att-791\"><img loading=\"lazy\" decoding=\"async\" aria-describedby=\"caption-attachment-791\" class=\"size-large wp-image-791\" title=\"2012-04-22 13.57.38\" src=\"http:\/\/meelis.raume.eu\/wp-content\/uploads\/2012\/04\/2012-04-22-13.57.38-1024x768.jpg\" alt=\"\" width=\"640\" height=\"480\" srcset=\"https:\/\/meelis.raume.eu\/wp-content\/uploads\/2012\/04\/2012-04-22-13.57.38-1024x768.jpg 1024w, https:\/\/meelis.raume.eu\/wp-content\/uploads\/2012\/04\/2012-04-22-13.57.38-300x225.jpg 300w\" sizes=\"auto, (max-width: 640px) 100vw, 640px\" \/><\/a><p id=\"caption-attachment-791\" class=\"wp-caption-text\">Laagris oligi loomi m\u00f5ningaid n\u00e4ha (pisike sisalik)!<\/p><\/div>\n<div id=\"attachment_792\" style=\"width: 650px\" class=\"wp-caption aligncenter\"><a href=\"http:\/\/meelis.raume.eu\/?attachment_id=792\" rel=\"attachment wp-att-792\"><img loading=\"lazy\" decoding=\"async\" aria-describedby=\"caption-attachment-792\" class=\"size-large wp-image-792\" title=\"2012-04-22 14.02.10\" src=\"http:\/\/meelis.raume.eu\/wp-content\/uploads\/2012\/04\/2012-04-22-14.02.10-1024x768.jpg\" alt=\"\" width=\"640\" height=\"480\" srcset=\"https:\/\/meelis.raume.eu\/wp-content\/uploads\/2012\/04\/2012-04-22-14.02.10-1024x768.jpg 1024w, https:\/\/meelis.raume.eu\/wp-content\/uploads\/2012\/04\/2012-04-22-14.02.10-300x225.jpg 300w\" sizes=\"auto, (max-width: 640px) 100vw, 640px\" \/><\/a><p id=\"caption-attachment-792\" class=\"wp-caption-text\">Laagrionnid kus turistidele pakutakse majutust!<\/p><\/div>\n<div id=\"attachment_794\" style=\"width: 650px\" class=\"wp-caption aligncenter\"><a href=\"http:\/\/meelis.raume.eu\/?attachment_id=794\" rel=\"attachment wp-att-794\"><img loading=\"lazy\" decoding=\"async\" aria-describedby=\"caption-attachment-794\" class=\"size-large wp-image-794\" title=\"2012-04-22 14.15.15\" src=\"http:\/\/meelis.raume.eu\/wp-content\/uploads\/2012\/04\/2012-04-22-14.15.15-1024x768.jpg\" alt=\"\" width=\"640\" height=\"480\" srcset=\"https:\/\/meelis.raume.eu\/wp-content\/uploads\/2012\/04\/2012-04-22-14.15.15-1024x768.jpg 1024w, https:\/\/meelis.raume.eu\/wp-content\/uploads\/2012\/04\/2012-04-22-14.15.15-300x225.jpg 300w\" sizes=\"auto, (max-width: 640px) 100vw, 640px\" \/><\/a><p id=\"caption-attachment-794\" class=\"wp-caption-text\">D\u017eungli elamu seest poolt!<\/p><\/div>\n<div id=\"attachment_793\" style=\"width: 650px\" class=\"wp-caption aligncenter\"><a href=\"http:\/\/meelis.raume.eu\/?attachment_id=793\" rel=\"attachment wp-att-793\"><img loading=\"lazy\" decoding=\"async\" aria-describedby=\"caption-attachment-793\" class=\"size-large wp-image-793\" title=\"2012-04-22 14.03.18\" src=\"http:\/\/meelis.raume.eu\/wp-content\/uploads\/2012\/04\/2012-04-22-14.03.18-1024x768.jpg\" alt=\"\" width=\"640\" height=\"480\" srcset=\"https:\/\/meelis.raume.eu\/wp-content\/uploads\/2012\/04\/2012-04-22-14.03.18-1024x768.jpg 1024w, https:\/\/meelis.raume.eu\/wp-content\/uploads\/2012\/04\/2012-04-22-14.03.18-300x225.jpg 300w\" sizes=\"auto, (max-width: 640px) 100vw, 640px\" \/><\/a><p id=\"caption-attachment-793\" class=\"wp-caption-text\">Vaade laagrist l\u00f5pmatusse d\u017eunglisse!<\/p><\/div>\n<p>Teatavasti on samuti loomi v\u00f5imalik n\u00e4ha ainult hommikul v\u00f5i \u00f5htul ennem pimedaks minemist. Siis tulevad loomad j\u00f5e \u00e4\u00e4rde s\u00f6\u00f6ma ja jooma. D\u017eunglisse minemisel anti meile kummikud jalga!<\/p>\n<div id=\"attachment_796\" style=\"width: 650px\" class=\"wp-caption aligncenter\"><a href=\"http:\/\/meelis.raume.eu\/?attachment_id=796\" rel=\"attachment wp-att-796\"><img loading=\"lazy\" decoding=\"async\" aria-describedby=\"caption-attachment-796\" class=\"size-large wp-image-796\" title=\"SANYO DIGITAL CAMERA\" src=\"http:\/\/meelis.raume.eu\/wp-content\/uploads\/2012\/04\/SANY01501-1024x768.jpg\" alt=\"\" width=\"640\" height=\"480\" srcset=\"https:\/\/meelis.raume.eu\/wp-content\/uploads\/2012\/04\/SANY01501-1024x768.jpg 1024w, https:\/\/meelis.raume.eu\/wp-content\/uploads\/2012\/04\/SANY01501-300x225.jpg 300w\" sizes=\"auto, (max-width: 640px) 100vw, 640px\" \/><\/a><p id=\"caption-attachment-796\" class=\"wp-caption-text\">M\u00f5\u00f5dupuuga kummikud!<\/p><\/div>\n<p>Savikiht on ikka metsas nii pudrune ja kleepuv, et v\u00f5id lihtsalt kummikust v\u00e4lja astuda!<\/p>\n<div id=\"attachment_798\" style=\"width: 650px\" class=\"wp-caption aligncenter\"><a href=\"http:\/\/meelis.raume.eu\/?attachment_id=798\" rel=\"attachment wp-att-798\"><img loading=\"lazy\" decoding=\"async\" aria-describedby=\"caption-attachment-798\" class=\"size-large wp-image-798\" title=\"SANYO DIGITAL CAMERA\" src=\"http:\/\/meelis.raume.eu\/wp-content\/uploads\/2012\/04\/SANY0156-1024x768.jpg\" alt=\"\" width=\"640\" height=\"480\" srcset=\"https:\/\/meelis.raume.eu\/wp-content\/uploads\/2012\/04\/SANY0156-1024x768.jpg 1024w, https:\/\/meelis.raume.eu\/wp-content\/uploads\/2012\/04\/SANY0156-300x225.jpg 300w\" sizes=\"auto, (max-width: 640px) 100vw, 640px\" \/><\/a><p id=\"caption-attachment-798\" class=\"wp-caption-text\">D\u017eunglis!<\/p><\/div>\n<p>Vaatasime haruldasi taimi, puid, putukaid, liblikaid ning konni!<\/p>\n<div id=\"attachment_790\" style=\"width: 650px\" class=\"wp-caption aligncenter\"><a href=\"http:\/\/meelis.raume.eu\/?attachment_id=790\" rel=\"attachment wp-att-790\"><img loading=\"lazy\" decoding=\"async\" aria-describedby=\"caption-attachment-790\" class=\"size-large wp-image-790\" title=\"2012-04-22 12.35.14\" src=\"http:\/\/meelis.raume.eu\/wp-content\/uploads\/2012\/04\/2012-04-22-12.35.14-1024x768.jpg\" alt=\"\" width=\"640\" height=\"480\" srcset=\"https:\/\/meelis.raume.eu\/wp-content\/uploads\/2012\/04\/2012-04-22-12.35.14-1024x768.jpg 1024w, https:\/\/meelis.raume.eu\/wp-content\/uploads\/2012\/04\/2012-04-22-12.35.14-300x225.jpg 300w\" sizes=\"auto, (max-width: 640px) 100vw, 640px\" \/><\/a><p id=\"caption-attachment-790\" class=\"wp-caption-text\">Haruldane puukonn, kes maa peal ei k\u00e4i!<\/p><\/div>\n<div id=\"attachment_799\" style=\"width: 650px\" class=\"wp-caption aligncenter\"><a href=\"http:\/\/meelis.raume.eu\/?attachment_id=799\" rel=\"attachment wp-att-799\"><img loading=\"lazy\" decoding=\"async\" aria-describedby=\"caption-attachment-799\" class=\"size-large wp-image-799\" title=\"SANYO DIGITAL CAMERA\" src=\"http:\/\/meelis.raume.eu\/wp-content\/uploads\/2012\/04\/SANY0172-1024x768.jpg\" alt=\"\" width=\"640\" height=\"480\" srcset=\"https:\/\/meelis.raume.eu\/wp-content\/uploads\/2012\/04\/SANY0172-1024x768.jpg 1024w, https:\/\/meelis.raume.eu\/wp-content\/uploads\/2012\/04\/SANY0172-300x225.jpg 300w\" sizes=\"auto, (max-width: 640px) 100vw, 640px\" \/><\/a><p id=\"caption-attachment-799\" class=\"wp-caption-text\">P\u00e4rdikute s\u00f6\u00f6gilaud ilmselt!<\/p><\/div>\n<div id=\"attachment_802\" style=\"width: 650px\" class=\"wp-caption aligncenter\"><a href=\"http:\/\/meelis.raume.eu\/?attachment_id=802\" rel=\"attachment wp-att-802\"><img loading=\"lazy\" decoding=\"async\" aria-describedby=\"caption-attachment-802\" class=\"size-large wp-image-802\" title=\"SANYO DIGITAL CAMERA\" src=\"http:\/\/meelis.raume.eu\/wp-content\/uploads\/2012\/04\/SANY0194-1024x768.jpg\" alt=\"\" width=\"640\" height=\"480\" srcset=\"https:\/\/meelis.raume.eu\/wp-content\/uploads\/2012\/04\/SANY0194-1024x768.jpg 1024w, https:\/\/meelis.raume.eu\/wp-content\/uploads\/2012\/04\/SANY0194-300x225.jpg 300w\" sizes=\"auto, (max-width: 640px) 100vw, 640px\" \/><\/a><p id=\"caption-attachment-802\" class=\"wp-caption-text\">Sipelgapesa!<\/p><\/div>\n<p>P\u00e4rast 800 meetri l\u00e4bimist d\u017eunglis tulime teise kohapeal v\u00e4lja j\u00f5e\u00e4\u00e4res kus ootas meid paat. Eelnevalt muidugi s\u00f5itsime sinna samuti paadiga, mis oli suure j\u00f5e haruj\u00f5gi veel. Naasesime tagasi laagrisse kus puhkasime s\u00f5ime ja viitsime niisama aega, et \u00f5htupoole minna loomi vaatama.<\/p>\n<div id=\"attachment_800\" style=\"width: 650px\" class=\"wp-caption aligncenter\"><a href=\"http:\/\/meelis.raume.eu\/?attachment_id=800\" rel=\"attachment wp-att-800\"><img loading=\"lazy\" decoding=\"async\" aria-describedby=\"caption-attachment-800\" class=\"size-large wp-image-800\" title=\"SANYO DIGITAL CAMERA\" src=\"http:\/\/meelis.raume.eu\/wp-content\/uploads\/2012\/04\/SANY0190-1024x768.jpg\" alt=\"\" width=\"640\" height=\"480\" srcset=\"https:\/\/meelis.raume.eu\/wp-content\/uploads\/2012\/04\/SANY0190-1024x768.jpg 1024w, https:\/\/meelis.raume.eu\/wp-content\/uploads\/2012\/04\/SANY0190-300x225.jpg 300w\" sizes=\"auto, (max-width: 640px) 100vw, 640px\" \/><\/a><p id=\"caption-attachment-800\" class=\"wp-caption-text\">D\u017eungli rohutirts laagris laudtee peal!<\/p><\/div>\n<div id=\"attachment_801\" style=\"width: 650px\" class=\"wp-caption aligncenter\"><a href=\"http:\/\/meelis.raume.eu\/?attachment_id=801\" rel=\"attachment wp-att-801\"><img loading=\"lazy\" decoding=\"async\" aria-describedby=\"caption-attachment-801\" class=\"size-large wp-image-801\" title=\"SANYO DIGITAL CAMERA\" src=\"http:\/\/meelis.raume.eu\/wp-content\/uploads\/2012\/04\/SANY0193-1024x768.jpg\" alt=\"\" width=\"640\" height=\"480\" srcset=\"https:\/\/meelis.raume.eu\/wp-content\/uploads\/2012\/04\/SANY0193-1024x768.jpg 1024w, https:\/\/meelis.raume.eu\/wp-content\/uploads\/2012\/04\/SANY0193-300x225.jpg 300w\" sizes=\"auto, (max-width: 640px) 100vw, 640px\" \/><\/a><p id=\"caption-attachment-801\" class=\"wp-caption-text\">Peale 800 meetrit matka d\u017eunglis kummikuid savi seest v\u00e4lja kiskudes ning peale kosutavat l\u00f5unas\u00f6\u00f6ki vajas m\u00f5ni mees samuti kosutavat und!<\/p><\/div>\n<p>Teatavasti oli s\u00f6\u00f6k ja jook meil hinna sees. Kohvi ja k\u00fcpsiseid sai kogu aeg endale teha kui soov oli! Kell 4 \u00f5htul siis j\u00e4tsime laagriinimestega h\u00fcvasti ja asusime mootorpaadiga loomi vaatama. Ninaahvid olid k\u00f5ige huvitavamad kuid samas makaagid samuti. N\u00e4gime veel v\u00e4ga ilusaid graatsilisi linde. Mina tegin ainult videot sest oli juba h\u00e4mar ning fotod j\u00e4id viletsad nii, et Teile midagi ilusat pakkuda siia ei ole! Tagasis\u00f5it k\u00fclasse tundus eriti pikana sest hakkas vihma sadama ja l\u00e4ks juba pimedaks. J\u00f5gi on t\u00e4is igasugu sodi ja palke ning m\u00e4ttaid ning sinna paadiga otsa s\u00f5it v\u00f5ib l\u00f5ppeda v\u00e4ga kurvalt ehk krokodilli l\u00f5ugade vahel! Enne d\u017eungliretkele minekut n\u00e4idati meile kirjutist mis sisaldas teksti, et kindlustus seal juhtunud \u00f5nnetusi ei kata! Siit siis saate ise fantaseerida edasi kui ohtlik see v\u00f5ib olla! Jeep oli meil vastas k\u00fclas ning algas kodutee auto juurde. \u00d5htus\u00f6\u00f6k oli veel hinna sees ning kui selle l\u00f5petasime oli kell 10 \u00f5htul. Kogu d\u017eungliretk \u00fchele inimesele maksis 60 \u20ac. Alustasime rasket teekonda tagasi Kota Kinabalusse. Vasakpoolne liiklus, pime, tuled viletsad, tee kitsas ja tohutute aukudega ning \u00e4ra varisenud servadega kuristikku. Lisaks sellele ei vahetata tihti \u00e4ra t\u00e4istulesid ning autode tuled on reguleeritud k\u00f5igil ilmselt ise sest n\u00e4itavad jumal teab kuhu. Vastutulevad bussid ja veoautod s\u00e4ravad kui j\u00f5ulupuud, kus veel lisana vilkurid katusel nii sinised kui kollased, \u00fchel n\u00e4gime ka punast! Esituledeks on nii valged, kollased, kui violetsed ja rohelised! Proovi siis neile vastu s\u00f5ita, ei saa aru mis vastu tuleb ja teeserva ei julge samuti v\u00f5tta sest seal olid ikka lausa poolemeetri s\u00fcgavused augud kohati. \u00d5nneks olid teevaringud t\u00e4histatud kuid need samuti vahetult ennem varingukohta. Oli ka ohum\u00e4rke mis olid paigaldatud peale ohtlikku kohta alles. \u00d6\u00f6sel kell 2 olime veel sihtpunktist 100 km kaugusel ehk kohe selle k\u00f5rgeima tipu k\u00f5rval. V\u00f5tsime vastu otsuse, et selle \u00f6\u00f6 veedame kuidagi autos, oligi teist veel 3 tundi j\u00e4\u00e4nud sest valgeks hakkab juba 5.30 minema ja pimedaks samuti 17.30-st! Peale m\u00f5netunnist tukkumist l\u00e4ksime seda suurt m\u00e4ge vaatama mille nimi on samuti Kinabalu.<\/p>\n<div id=\"attachment_804\" style=\"width: 650px\" class=\"wp-caption aligncenter\"><a href=\"http:\/\/meelis.raume.eu\/?attachment_id=804\" rel=\"attachment wp-att-804\"><img loading=\"lazy\" decoding=\"async\" aria-describedby=\"caption-attachment-804\" class=\"size-large wp-image-804\" title=\"2012-04-23 07.17.09\" src=\"http:\/\/meelis.raume.eu\/wp-content\/uploads\/2012\/04\/2012-04-23-07.17.09-1024x768.jpg\" alt=\"\" width=\"640\" height=\"480\" srcset=\"https:\/\/meelis.raume.eu\/wp-content\/uploads\/2012\/04\/2012-04-23-07.17.09-1024x768.jpg 1024w, https:\/\/meelis.raume.eu\/wp-content\/uploads\/2012\/04\/2012-04-23-07.17.09-300x225.jpg 300w\" sizes=\"auto, (max-width: 640px) 100vw, 640px\" \/><\/a><p id=\"caption-attachment-804\" class=\"wp-caption-text\">Mount Kinabalu t\u00e4ies hiilguses! Kahju, et sinna \u00fcles ei olnud aega minna! P\u00e4evatripp kui alustad hommikul kell 6!<\/p><\/div>\n<div id=\"attachment_809\" style=\"width: 650px\" class=\"wp-caption aligncenter\"><a href=\"http:\/\/meelis.raume.eu\/?attachment_id=809\" rel=\"attachment wp-att-809\"><img loading=\"lazy\" decoding=\"async\" aria-describedby=\"caption-attachment-809\" class=\"size-large wp-image-809\" title=\"SANYO DIGITAL CAMERA\" src=\"http:\/\/meelis.raume.eu\/wp-content\/uploads\/2012\/04\/SANY0210-1024x768.jpg\" alt=\"\" width=\"640\" height=\"480\" srcset=\"https:\/\/meelis.raume.eu\/wp-content\/uploads\/2012\/04\/SANY0210-1024x768.jpg 1024w, https:\/\/meelis.raume.eu\/wp-content\/uploads\/2012\/04\/SANY0210-300x225.jpg 300w\" sizes=\"auto, (max-width: 640px) 100vw, 640px\" \/><\/a><p id=\"caption-attachment-809\" class=\"wp-caption-text\">Siit alustatakse matka Mount Kinabalule!<\/p><\/div>\n<p>J\u00e4ttis v\u00f5imsa mulje k\u00fcll see m\u00e4gi, kahju, et sinna aega ei olnud \u00fcles minna! Hommikul kella 10-ks j\u00f5udsime Sabah-i (13 Malaysia osariik) pealinna (KK) tagasi!<\/p>\n<div id=\"attachment_805\" style=\"width: 650px\" class=\"wp-caption aligncenter\"><a href=\"http:\/\/meelis.raume.eu\/?attachment_id=805\" rel=\"attachment wp-att-805\"><img loading=\"lazy\" decoding=\"async\" aria-describedby=\"caption-attachment-805\" class=\"size-large wp-image-805\" title=\"2012-04-23 10.32.50\" src=\"http:\/\/meelis.raume.eu\/wp-content\/uploads\/2012\/04\/2012-04-23-10.32.50-1024x768.jpg\" alt=\"\" width=\"640\" height=\"480\" srcset=\"https:\/\/meelis.raume.eu\/wp-content\/uploads\/2012\/04\/2012-04-23-10.32.50-1024x768.jpg 1024w, https:\/\/meelis.raume.eu\/wp-content\/uploads\/2012\/04\/2012-04-23-10.32.50-300x225.jpg 300w\" sizes=\"auto, (max-width: 640px) 100vw, 640px\" \/><\/a><p id=\"caption-attachment-805\" class=\"wp-caption-text\">Tagasi Kota Kinabalus, selles keskmises sinises majaosas k\u00e4isime kohvi joomas! Oli tasemel hotell!<\/p><\/div>\n<p>Jumal t\u00e4natud, et auto pidas vastu sellele valule ja meie samuti olime terved.<\/p>\n<div id=\"attachment_803\" style=\"width: 650px\" class=\"wp-caption aligncenter\"><a href=\"http:\/\/meelis.raume.eu\/?attachment_id=803\" rel=\"attachment wp-att-803\"><img loading=\"lazy\" decoding=\"async\" aria-describedby=\"caption-attachment-803\" class=\"size-large wp-image-803\" title=\"SANYO DIGITAL CAMERA\" src=\"http:\/\/meelis.raume.eu\/wp-content\/uploads\/2012\/04\/SANY0223-1024x768.jpg\" alt=\"\" width=\"640\" height=\"480\" srcset=\"https:\/\/meelis.raume.eu\/wp-content\/uploads\/2012\/04\/SANY0223-1024x768.jpg 1024w, https:\/\/meelis.raume.eu\/wp-content\/uploads\/2012\/04\/SANY0223-300x225.jpg 300w\" sizes=\"auto, (max-width: 640px) 100vw, 640px\" \/><\/a><p id=\"caption-attachment-803\" class=\"wp-caption-text\">Kui juba autodele l\u00e4ks jutt siis midagi eksootilist ka automarkidest Kota Kinabalu-s!<\/p><\/div>\n<p>Ei n\u00e4inud eriti ka malaaria s\u00e4\u00e4ski ja kui m\u00f5ni oligi siis las ta oli. Auto \u00fcleandmine k\u00e4is kiirelt kusjuures v\u00f5tsime linnast ja tagastasime lennujaamas. Tegime oma piiriprotseduurid \u00e4ra, et siseneda lennutsooni kuid viimasest punktist l\u00e4bida ei olnud v\u00f5imalik sest meil puudus Filipiinidelt tagasilennupilet &#8211; olin selle unustanud juba, kuigi teadsin! Filipiinid ei lase sisse kui ette n\u00e4idata ei ole tagasilendu. Ruttu piirilt tagasi ning netist pileteid ostma. K\u00f5ik laabus \u00f5nneks h\u00e4sti ning j\u00f5udsime isegi lennule v\u00e4ikese varuga! Sellega sai see osa reisist l\u00e4bi! Edasi l\u00e4heb lend Filipiinidele!<\/p>\n<div id=\"attachment_806\" style=\"width: 650px\" class=\"wp-caption aligncenter\"><a href=\"http:\/\/meelis.raume.eu\/?attachment_id=806\" rel=\"attachment wp-att-806\"><img loading=\"lazy\" decoding=\"async\" aria-describedby=\"caption-attachment-806\" class=\"size-large wp-image-806\" title=\"2012-04-23 13.54.19\" src=\"http:\/\/meelis.raume.eu\/wp-content\/uploads\/2012\/04\/2012-04-23-13.54.19-768x1024.jpg\" alt=\"\" width=\"640\" height=\"853\" srcset=\"https:\/\/meelis.raume.eu\/wp-content\/uploads\/2012\/04\/2012-04-23-13.54.19-768x1024.jpg 768w, https:\/\/meelis.raume.eu\/wp-content\/uploads\/2012\/04\/2012-04-23-13.54.19-225x300.jpg 225w\" sizes=\"auto, (max-width: 640px) 100vw, 640px\" \/><\/a><p id=\"caption-attachment-806\" class=\"wp-caption-text\">Viimane vaade ehk t\u00fckike Kota Kinabalu-st!<\/p><\/div>\n","protected":false},"excerpt":{"rendered":"<p>No nii oma jutuga l\u00e4ksime lahku Teiega Kuala Lumpuri lennuv\u00e4ljal! See oli p\u00e4ris raske \u00f6\u00f6 aga \u00fcle elasime. Ega see lennukis magamine just l\u00f5bus ei ole &#8211; hiljem kael kange ja liikmed valutavad! Kuid pidime selle \u00f6\u00f6 seal lennujaamas veetma &hellip; <a href=\"https:\/\/meelis.raume.eu\/?page_id=592\">J\u00e4tka lugemist <span class=\"meta-nav\">&rarr;<\/span><\/a><\/p>\n","protected":false},"author":1,"featured_media":0,"parent":391,"menu_order":3,"comment_status":"open","ping_status":"open","template":"onecolumn-page.php","meta":{"footnotes":""},"class_list":["post-592","page","type-page","status-publish","hentry"],"_links":{"self":[{"href":"https:\/\/meelis.raume.eu\/index.php?rest_route=\/wp\/v2\/pages\/592","targetHints":{"allow":["GET"]}}],"collection":[{"href":"https:\/\/meelis.raume.eu\/index.php?rest_route=\/wp\/v2\/pages"}],"about":[{"href":"https:\/\/meelis.raume.eu\/index.php?rest_route=\/wp\/v2\/types\/page"}],"author":[{"embeddable":true,"href":"https:\/\/meelis.raume.eu\/index.php?rest_route=\/wp\/v2\/users\/1"}],"replies":[{"embeddable":true,"href":"https:\/\/meelis.raume.eu\/index.php?rest_route=%2Fwp%2Fv2%2Fcomments&post=592"}],"version-history":[{"count":27,"href":"https:\/\/meelis.raume.eu\/index.php?rest_route=\/wp\/v2\/pages\/592\/revisions"}],"predecessor-version":[{"id":815,"href":"https:\/\/meelis.raume.eu\/index.php?rest_route=\/wp\/v2\/pages\/592\/revisions\/815"}],"up":[{"embeddable":true,"href":"https:\/\/meelis.raume.eu\/index.php?rest_route=\/wp\/v2\/pages\/391"}],"wp:attachment":[{"href":"https:\/\/meelis.raume.eu\/index.php?rest_route=%2Fwp%2Fv2%2Fmedia&parent=592"}],"curies":[{"name":"wp","href":"https:\/\/api.w.org\/{rel}","templated":true}]}}